{"id":70077,"date":"2025-03-30T02:29:16","date_gmt":"2025-03-30T08:29:16","guid":{"rendered":"https:\/\/vivirosa.com\/property\/serene-mountain-cabana-in-cool-climate-san-isidro-sereno-amanecer-airbnb"},"modified":"2025-10-07T01:03:04","modified_gmt":"2025-10-07T07:03:04","slug":"serene-mountain-cabana-in-cool-climate-san-isidro-sereno-amanecer-airbnb","status":"publish","type":"property","link":"https:\/\/vivirosa.com\/es\/property\/serene-mountain-cabana-in-cool-climate-san-isidro-sereno-amanecer-airbnb","title":{"rendered":"Serena Caba\u00f1a de Monta\u00f1a en clima fresco, San Isidro, SERENO AMANECER AirBnB."},"content":{"rendered":"<p>Valencia de P\u00e1ramo, con sus fr\u00edas temperaturas a 1400 metros sobre el nivel del mar (4600 pies) y sus impresionantes paisajes, ofrece un remanso de paz rodeado de exuberante vegetaci\u00f3n y monta\u00f1as. A tan solo 3 horas del aeropuerto y a 30 minutos de San Isidro, captura la esencia de la vida rural costarricense. La comunidad ofrece un ambiente sereno con campos verdes y aire fresco de monta\u00f1a.<br \/>\nUbicado estrat\u00e9gicamente a 1 hora de las hermosas playas de Dominical, los residentes disfrutan de la tranquilidad de las tierras altas que se mezclan con la vibrante energ\u00eda del Oc\u00e9ano Pac\u00edfico, el acceso a la propiedad requiere un veh\u00edculo 4x4 durante los \u00faltimos 500 mts, el resto son 3 km de camino p\u00fablico de grava bien mantenido y luego pavimento carretera nacional Rute 2. <\/p>\n<p>La encantadora caba\u00f1a de monta\u00f1a, construida con madera maciza, combina a la perfecci\u00f3n la comodidad moderna con la belleza natural. Con dos dormitorios, una cocina totalmente equipada y amplios ventanales con impresionantes vistas a las colinas, es perfecta para una escapada tranquila. El dormitorio principal tiene una cama doble, mientras que la habitaci\u00f3n secundaria tiene capacidad para hasta cinco personas con una cama individual y una litera. La ducha con agua caliente garantiza la comodidad despu\u00e9s de explorar la naturaleza, y dispone de internet de alta velocidad para quienes necesitan trabajar en l\u00ednea. <\/p>\n<p>En el exterior, un \u00e1rea designada para fogatas y un porche con hamacas ofrecen lugares ideales para disfrutar de las frescas tardes de monta\u00f1a. La propiedad abarca 8996 m\u00b2 (2,2 acres), con una parte elevada que alberga la caba\u00f1a y \u00e1rboles frutales como aguacate Hass, mandarinas, pl\u00e1tanos, manzana de agua, duraznos, higos, manzana Ana, guayabita peruana y guayaba costarricense. Plantados hace dos a\u00f1os, prometen una cosecha abundante pronto.<\/p>\n<p>Una zona baja plana ofrece la oportunidad de construir una casa espaciosa con vista a la calle, lo que aumenta el potencial residencial y la subdivisi\u00f3n para la recuperaci\u00f3n de la inversi\u00f3n. La propiedad incluye un terreno secundario preparado con una vista igualmente encantadora. Con su distribuci\u00f3n bien pensada, esta vers\u00e1til propiedad ofrece una combinaci\u00f3n \u00fanica de espacios habitables y potencial de inversi\u00f3n; los propietarios la alquilan frecuentemente para retiros.<br \/>\nLa ventaja a\u00f1adida es su elegibilidad para la visa de inversionista (antes de 2026), facilitando la residencia permanente.<br \/>\nCont\u00e1ctenos para obtener ayuda para hacer de esta hermosa propiedad su hogar y convertirse en ciudadano costarricense.<\/p>","protected":false},"excerpt":{"rendered":"<p>Valencia de Paramo, with its cold temperatures 1400 meters above sea level (4,600ft) and stunning scenery, presents a tranquil escape surrounded by lush vegetation and mountains. A mere 3 hours from the airport and just 30 minutes from San Isidro, it captures the essence of rural Costa Rican life. The community offers a serene atmosphere [&hellip;]<\/p>\n","protected":false},"author":11,"featured_media":70094,"parent":0,"menu_order":0,"template":"","property_type":[56],"property_status":[30],"property_feature":[],"property_label":[],"property_country":[65],"property_state":[340],"property_city":[],"property_area":[452,18],"class_list":["post-70077","property","type-property","status-publish","has-post-thumbnail","hentry","property_type-home","property_status-for-sale","property_country-costa-rica","property_state-san-jose","property_area-bahia","property_area-bahia-ballena"],"property_meta":{"fave_property_size":["50"],"fave_property_land":["8996"],"fave_property_location":["9.462310901712641,-83.73615709286804"],"fave_currency":["USD"],"houzez_geolocation_lat":["9.462310901712641"],"houzez_geolocation_long":["-83.73615709286804"],"fave_currency_info":[""],"fave_property_price":["165000"],"fave_property_bedrooms":["2"],"fave_property_bathrooms":["1"],"fave_property_map":["1"],"fave_property_id":["70077"],"fave_property_address":["El P\u00e1ramo, P\u00e9rez Zeled\u00f3n, San Jos\u00e9, Costa Rica"],"fave_property_country":["Costa Rica"],"fave_featured":["0"],"houzez_featured_listing_date":["2025-03-30T02:29:16.624Z"],"fave_agent_display_option":["author_info"],"fave_prop_homeslider":["no"],"floor_plans":["a:0:{}"],"fave_multi_units":["a:0:{}"],"additional_features":["a:0:{}"],"fave_agents":["80153"],"fave_property_agency":["19339"],"fave_property_map_address":[""],"fave_realtor_property_id":["C21"],"fave_citytown":["P\u00e9rez Zeled\u00f3n"],"fave_realtor_name":["LIBRELISTING"],"_wp_page_template":["default"],"fave_property_images":["70094","70133","70093","70111","92158","91898","70082","70106","70107","70110","70085","70108","70109","70083","70084","70095","70096","70097","70098","70099","70100","70101","70102","70103","70104","70112","70113","70114","70143","70144","70145","70146","70147","70092","70105","70121","70122","70123","70124","70125","70126","70127","70130","70131","70136","70137","70138","70139","70141","70142","70132","70140","70086","70087","70088","70117","70118","70119","70120","70089","70090","70091","70115","70116","70128","70129","70134","70135","70078","70079","70080","70081"],"_thumbnail_id":["70094"],"houzez_total_property_views":["1559"],"houzez_views_by_date":["a:61:{s:10:\"01-23-2026\";i:10;s:10:\"01-24-2026\";i:8;s:10:\"01-25-2026\";i:12;s:10:\"01-26-2026\";i:6;s:10:\"01-27-2026\";i:12;s:10:\"01-28-2026\";i:12;s:10:\"01-29-2026\";i:6;s:10:\"01-30-2026\";i:12;s:10:\"01-31-2026\";i:12;s:10:\"02-01-2026\";i:6;s:10:\"02-24-2026\";i:12;s:10:\"02-25-2026\";i:6;s:10:\"02-26-2026\";i:12;s:10:\"02-27-2026\";i:6;s:10:\"02-28-2026\";i:12;s:10:\"03-01-2026\";i:12;s:10:\"03-02-2026\";i:6;s:10:\"03-03-2026\";i:12;s:10:\"03-04-2026\";i:10;s:10:\"03-05-2026\";i:6;s:10:\"03-06-2026\";i:6;s:10:\"03-07-2026\";i:6;s:10:\"03-08-2026\";i:6;s:10:\"03-09-2026\";i:4;s:10:\"03-10-2026\";i:6;s:10:\"03-11-2026\";i:7;s:10:\"03-12-2026\";i:5;s:10:\"03-13-2026\";i:6;s:10:\"03-14-2026\";i:6;s:10:\"03-17-2026\";i:1;s:10:\"03-18-2026\";i:7;s:10:\"03-19-2026\";i:6;s:10:\"03-21-2026\";i:6;s:10:\"03-24-2026\";i:6;s:10:\"03-25-2026\";i:7;s:10:\"03-26-2026\";i:6;s:10:\"03-28-2026\";i:6;s:10:\"03-30-2026\";i:1;s:10:\"03-31-2026\";i:7;s:10:\"04-01-2026\";i:6;s:10:\"04-02-2026\";i:6;s:10:\"04-03-2026\";i:6;s:10:\"04-04-2026\";i:7;s:10:\"04-06-2026\";i:1;s:10:\"04-09-2026\";i:6;s:10:\"04-10-2026\";i:2;s:10:\"04-11-2026\";i:6;s:10:\"04-13-2026\";i:1;s:10:\"04-14-2026\";i:6;s:10:\"04-15-2026\";i:6;s:10:\"04-16-2026\";i:6;s:10:\"04-17-2026\";i:6;s:10:\"04-18-2026\";i:7;s:10:\"04-19-2026\";i:2;s:10:\"04-20-2026\";i:6;s:10:\"04-21-2026\";i:7;s:10:\"04-22-2026\";i:7;s:10:\"04-23-2026\";i:1;s:10:\"04-24-2026\";i:9;s:10:\"04-25-2026\";i:10;s:10:\"04-26-2026\";i:2;}"],"houzez_recently_viewed":["2026-04-26 06:59:12"],"_elementor_page_assets":["a:0:{}"]},"yoast_head":"<!-- This site is optimized with the Yoast SEO plugin v27.4 - https:\/\/yoast.com\/product\/yoast-seo-wordpress\/ -->\n<title>Serene Mountain Caba\u00f1a in cool climate, San Isidro, SERENO AMANECER AirBnB. - Vivirosa<\/title>\n<meta name=\"robots\" content=\"index, follow, max-snippet:-1, max-image-preview:large, max-video-preview:-1\" \/>\n<link rel=\"canonical\" href=\"https:\/\/vivirosa.com\/es\/property\/serene-mountain-cabana-in-cool-climate-san-isidro-sereno-amanecer-airbnb\/\" \/>\n<meta property=\"og:locale\" content=\"es_ES\" \/>\n<meta property=\"og:type\" content=\"article\" \/>\n<meta property=\"og:title\" content=\"Serene Mountain Caba\u00f1a in cool climate, San Isidro, SERENO AMANECER AirBnB. - Vivirosa\" \/>\n<meta property=\"og:description\" content=\"Valencia de Paramo, with its cold temperatures 1400 meters above sea level (4,600ft) and stunning scenery, presents a tranquil escape surrounded by lush vegetation and mountains. A mere 3 hours from the airport and just 30 minutes from San Isidro, it captures the essence of rural Costa Rican life. The community offers a serene atmosphere [&hellip;]\" \/>\n<meta property=\"og:url\" content=\"https:\/\/vivirosa.com\/es\/property\/serene-mountain-cabana-in-cool-climate-san-isidro-sereno-amanecer-airbnb\/\" \/>\n<meta property=\"og:site_name\" content=\"Vivirosa\" \/>\n<meta property=\"article:publisher\" content=\"https:\/\/www.facebook.com\/profile.php?id=61561901322800\" \/>\n<meta property=\"article:modified_time\" content=\"2025-10-07T07:03:04+00:00\" \/>\n<meta property=\"og:image\" content=\"https:\/\/vivirosa.com\/wp-content\/uploads\/2025\/03\/65a8148888755.jpg\" \/>\n\t<meta property=\"og:image:width\" content=\"1200\" \/>\n\t<meta property=\"og:image:height\" content=\"900\" \/>\n\t<meta property=\"og:image:type\" content=\"image\/jpeg\" \/>\n<meta name=\"twitter:card\" content=\"summary_large_image\" \/>\n<meta name=\"twitter:label1\" content=\"Est. reading time\" \/>\n\t<meta name=\"twitter:data1\" content=\"2 minutos\" \/>\n<script type=\"application\/ld+json\" class=\"yoast-schema-graph\">{\"@context\":\"https:\\\/\\\/schema.org\",\"@graph\":[{\"@type\":\"WebPage\",\"@id\":\"https:\\\/\\\/vivirosa.com\\\/property\\\/serene-mountain-cabana-in-cool-climate-san-isidro-sereno-amanecer-airbnb\",\"url\":\"https:\\\/\\\/vivirosa.com\\\/property\\\/serene-mountain-cabana-in-cool-climate-san-isidro-sereno-amanecer-airbnb\",\"name\":\"Serene Mountain Caba\u00f1a in cool climate, San Isidro, SERENO AMANECER AirBnB. - Vivirosa\",\"isPartOf\":{\"@id\":\"https:\\\/\\\/vivirosa.com\\\/fr\\\/#website\"},\"primaryImageOfPage\":{\"@id\":\"https:\\\/\\\/vivirosa.com\\\/property\\\/serene-mountain-cabana-in-cool-climate-san-isidro-sereno-amanecer-airbnb#primaryimage\"},\"image\":{\"@id\":\"https:\\\/\\\/vivirosa.com\\\/property\\\/serene-mountain-cabana-in-cool-climate-san-isidro-sereno-amanecer-airbnb#primaryimage\"},\"thumbnailUrl\":\"https:\\\/\\\/vivirosa.com\\\/wp-content\\\/uploads\\\/2025\\\/03\\\/65a8148888755.jpg\",\"datePublished\":\"2025-03-30T08:29:16+00:00\",\"dateModified\":\"2025-10-07T07:03:04+00:00\",\"breadcrumb\":{\"@id\":\"https:\\\/\\\/vivirosa.com\\\/property\\\/serene-mountain-cabana-in-cool-climate-san-isidro-sereno-amanecer-airbnb#breadcrumb\"},\"inLanguage\":\"es-CR\",\"potentialAction\":[{\"@type\":\"ReadAction\",\"target\":[\"https:\\\/\\\/vivirosa.com\\\/property\\\/serene-mountain-cabana-in-cool-climate-san-isidro-sereno-amanecer-airbnb\"]}]},{\"@type\":\"ImageObject\",\"inLanguage\":\"es-CR\",\"@id\":\"https:\\\/\\\/vivirosa.com\\\/property\\\/serene-mountain-cabana-in-cool-climate-san-isidro-sereno-amanecer-airbnb#primaryimage\",\"url\":\"https:\\\/\\\/vivirosa.com\\\/wp-content\\\/uploads\\\/2025\\\/03\\\/65a8148888755.jpg\",\"contentUrl\":\"https:\\\/\\\/vivirosa.com\\\/wp-content\\\/uploads\\\/2025\\\/03\\\/65a8148888755.jpg\",\"width\":1200,\"height\":900},{\"@type\":\"BreadcrumbList\",\"@id\":\"https:\\\/\\\/vivirosa.com\\\/property\\\/serene-mountain-cabana-in-cool-climate-san-isidro-sereno-amanecer-airbnb#breadcrumb\",\"itemListElement\":[{\"@type\":\"ListItem\",\"position\":1,\"name\":\"Home\",\"item\":\"https:\\\/\\\/vivirosa.com\\\/\"},{\"@type\":\"ListItem\",\"position\":2,\"name\":\"Properties\",\"item\":\"https:\\\/\\\/vivirosa.com\\\/fr\\\/property\"},{\"@type\":\"ListItem\",\"position\":3,\"name\":\"Serene Mountain Caba\u00f1a in cool climate, San Isidro, SERENO AMANECER AirBnB.\"}]},{\"@type\":\"WebSite\",\"@id\":\"https:\\\/\\\/vivirosa.com\\\/fr\\\/#website\",\"url\":\"https:\\\/\\\/vivirosa.com\\\/fr\\\/\",\"name\":\"Vivirosa\",\"description\":\"Costa Rica real estate made easy\",\"publisher\":{\"@id\":\"https:\\\/\\\/vivirosa.com\\\/fr\\\/#organization\"},\"potentialAction\":[{\"@type\":\"SearchAction\",\"target\":{\"@type\":\"EntryPoint\",\"urlTemplate\":\"https:\\\/\\\/vivirosa.com\\\/fr\\\/?s={search_term_string}\"},\"query-input\":{\"@type\":\"PropertyValueSpecification\",\"valueRequired\":true,\"valueName\":\"search_term_string\"}}],\"inLanguage\":\"es-CR\"},{\"@type\":\"Organization\",\"@id\":\"https:\\\/\\\/vivirosa.com\\\/fr\\\/#organization\",\"name\":\"Vivirosa\",\"url\":\"https:\\\/\\\/vivirosa.com\\\/fr\\\/\",\"logo\":{\"@type\":\"ImageObject\",\"inLanguage\":\"es-CR\",\"@id\":\"https:\\\/\\\/vivirosa.com\\\/fr\\\/#\\\/schema\\\/logo\\\/image\\\/\",\"url\":\"https:\\\/\\\/vivirosa.com\\\/wp-content\\\/uploads\\\/2025\\\/02\\\/vivirosa-logo.png\",\"contentUrl\":\"https:\\\/\\\/vivirosa.com\\\/wp-content\\\/uploads\\\/2025\\\/02\\\/vivirosa-logo.png\",\"width\":1200,\"height\":240,\"caption\":\"Vivirosa\"},\"image\":{\"@id\":\"https:\\\/\\\/vivirosa.com\\\/fr\\\/#\\\/schema\\\/logo\\\/image\\\/\"},\"sameAs\":[\"https:\\\/\\\/www.facebook.com\\\/profile.php?id=61561901322800\"]}]}<\/script>\n<!-- \/ Yoast SEO plugin. -->","yoast_head_json":{"title":"Serene Mountain Caba\u00f1a in cool climate, San Isidro, SERENO AMANECER AirBnB. - Vivirosa","robots":{"index":"index","follow":"follow","max-snippet":"max-snippet:-1","max-image-preview":"max-image-preview:large","max-video-preview":"max-video-preview:-1"},"canonical":"https:\/\/vivirosa.com\/es\/property\/serene-mountain-cabana-in-cool-climate-san-isidro-sereno-amanecer-airbnb\/","og_locale":"es_ES","og_type":"article","og_title":"Serene Mountain Caba\u00f1a in cool climate, San Isidro, SERENO AMANECER AirBnB. - Vivirosa","og_description":"Valencia de Paramo, with its cold temperatures 1400 meters above sea level (4,600ft) and stunning scenery, presents a tranquil escape surrounded by lush vegetation and mountains. A mere 3 hours from the airport and just 30 minutes from San Isidro, it captures the essence of rural Costa Rican life. The community offers a serene atmosphere [&hellip;]","og_url":"https:\/\/vivirosa.com\/es\/property\/serene-mountain-cabana-in-cool-climate-san-isidro-sereno-amanecer-airbnb\/","og_site_name":"Vivirosa","article_publisher":"https:\/\/www.facebook.com\/profile.php?id=61561901322800","article_modified_time":"2025-10-07T07:03:04+00:00","og_image":[{"width":1200,"height":900,"url":"https:\/\/vivirosa.com\/wp-content\/uploads\/2025\/03\/65a8148888755.jpg","type":"image\/jpeg"}],"twitter_card":"summary_large_image","twitter_misc":{"Est. reading time":"2 minutos"},"schema":{"@context":"https:\/\/schema.org","@graph":[{"@type":"WebPage","@id":"https:\/\/vivirosa.com\/property\/serene-mountain-cabana-in-cool-climate-san-isidro-sereno-amanecer-airbnb","url":"https:\/\/vivirosa.com\/property\/serene-mountain-cabana-in-cool-climate-san-isidro-sereno-amanecer-airbnb","name":"Serene Mountain Caba\u00f1a in cool climate, San Isidro, SERENO AMANECER AirBnB. - Vivirosa","isPartOf":{"@id":"https:\/\/vivirosa.com\/fr\/#website"},"primaryImageOfPage":{"@id":"https:\/\/vivirosa.com\/property\/serene-mountain-cabana-in-cool-climate-san-isidro-sereno-amanecer-airbnb#primaryimage"},"image":{"@id":"https:\/\/vivirosa.com\/property\/serene-mountain-cabana-in-cool-climate-san-isidro-sereno-amanecer-airbnb#primaryimage"},"thumbnailUrl":"https:\/\/vivirosa.com\/wp-content\/uploads\/2025\/03\/65a8148888755.jpg","datePublished":"2025-03-30T08:29:16+00:00","dateModified":"2025-10-07T07:03:04+00:00","breadcrumb":{"@id":"https:\/\/vivirosa.com\/property\/serene-mountain-cabana-in-cool-climate-san-isidro-sereno-amanecer-airbnb#breadcrumb"},"inLanguage":"es-CR","potentialAction":[{"@type":"ReadAction","target":["https:\/\/vivirosa.com\/property\/serene-mountain-cabana-in-cool-climate-san-isidro-sereno-amanecer-airbnb"]}]},{"@type":"ImageObject","inLanguage":"es-CR","@id":"https:\/\/vivirosa.com\/property\/serene-mountain-cabana-in-cool-climate-san-isidro-sereno-amanecer-airbnb#primaryimage","url":"https:\/\/vivirosa.com\/wp-content\/uploads\/2025\/03\/65a8148888755.jpg","contentUrl":"https:\/\/vivirosa.com\/wp-content\/uploads\/2025\/03\/65a8148888755.jpg","width":1200,"height":900},{"@type":"BreadcrumbList","@id":"https:\/\/vivirosa.com\/property\/serene-mountain-cabana-in-cool-climate-san-isidro-sereno-amanecer-airbnb#breadcrumb","itemListElement":[{"@type":"ListItem","position":1,"name":"Home","item":"https:\/\/vivirosa.com\/"},{"@type":"ListItem","position":2,"name":"Properties","item":"https:\/\/vivirosa.com\/fr\/property"},{"@type":"ListItem","position":3,"name":"Serene Mountain Caba\u00f1a in cool climate, San Isidro, SERENO AMANECER AirBnB."}]},{"@type":"WebSite","@id":"https:\/\/vivirosa.com\/fr\/#website","url":"https:\/\/vivirosa.com\/fr\/","name":"Vivirosa","description":"Bienes ra\u00edces en Costa Rica simplificados","publisher":{"@id":"https:\/\/vivirosa.com\/fr\/#organization"},"potentialAction":[{"@type":"SearchAction","target":{"@type":"EntryPoint","urlTemplate":"https:\/\/vivirosa.com\/fr\/?s={search_term_string}"},"query-input":{"@type":"PropertyValueSpecification","valueRequired":true,"valueName":"search_term_string"}}],"inLanguage":"es-CR"},{"@type":"Organization","@id":"https:\/\/vivirosa.com\/fr\/#organization","name":"Vivirosa","url":"https:\/\/vivirosa.com\/fr\/","logo":{"@type":"ImageObject","inLanguage":"es-CR","@id":"https:\/\/vivirosa.com\/fr\/#\/schema\/logo\/image\/","url":"https:\/\/vivirosa.com\/wp-content\/uploads\/2025\/02\/vivirosa-logo.png","contentUrl":"https:\/\/vivirosa.com\/wp-content\/uploads\/2025\/02\/vivirosa-logo.png","width":1200,"height":240,"caption":"Vivirosa"},"image":{"@id":"https:\/\/vivirosa.com\/fr\/#\/schema\/logo\/image\/"},"sameAs":["https:\/\/www.facebook.com\/profile.php?id=61561901322800"]}]}},"_links":{"self":[{"href":"https:\/\/vivirosa.com\/es\/wp-json\/wp\/v2\/properties\/70077","targetHints":{"allow":["GET"]}}],"collection":[{"href":"https:\/\/vivirosa.com\/es\/wp-json\/wp\/v2\/properties"}],"about":[{"href":"https:\/\/vivirosa.com\/es\/wp-json\/wp\/v2\/types\/property"}],"author":[{"embeddable":true,"href":"https:\/\/vivirosa.com\/es\/wp-json\/wp\/v2\/users\/11"}],"version-history":[{"count":1,"href":"https:\/\/vivirosa.com\/es\/wp-json\/wp\/v2\/properties\/70077\/revisions"}],"predecessor-version":[{"id":91897,"href":"https:\/\/vivirosa.com\/es\/wp-json\/wp\/v2\/properties\/70077\/revisions\/91897"}],"wp:featuredmedia":[{"embeddable":true,"href":"https:\/\/vivirosa.com\/es\/wp-json\/wp\/v2\/media\/70094"}],"wp:attachment":[{"href":"https:\/\/vivirosa.com\/es\/wp-json\/wp\/v2\/media?parent=70077"}],"wp:term":[{"taxonomy":"property_type","embeddable":true,"href":"https:\/\/vivirosa.com\/es\/wp-json\/wp\/v2\/property_type?post=70077"},{"taxonomy":"property_status","embeddable":true,"href":"https:\/\/vivirosa.com\/es\/wp-json\/wp\/v2\/property_status?post=70077"},{"taxonomy":"property_feature","embeddable":true,"href":"https:\/\/vivirosa.com\/es\/wp-json\/wp\/v2\/property_feature?post=70077"},{"taxonomy":"property_label","embeddable":true,"href":"https:\/\/vivirosa.com\/es\/wp-json\/wp\/v2\/property_label?post=70077"},{"taxonomy":"property_country","embeddable":true,"href":"https:\/\/vivirosa.com\/es\/wp-json\/wp\/v2\/property_country?post=70077"},{"taxonomy":"property_state","embeddable":true,"href":"https:\/\/vivirosa.com\/es\/wp-json\/wp\/v2\/property_state?post=70077"},{"taxonomy":"property_city","embeddable":true,"href":"https:\/\/vivirosa.com\/es\/wp-json\/wp\/v2\/property_city?post=70077"},{"taxonomy":"property_area","embeddable":true,"href":"https:\/\/vivirosa.com\/es\/wp-json\/wp\/v2\/property_area?post=70077"}],"curies":[{"name":"wp","href":"https:\/\/api.w.org\/{rel}","templated":true}]}}