{"id":77886,"date":"2025-04-23T14:32:49","date_gmt":"2025-04-23T20:32:49","guid":{"rendered":"https:\/\/vivirosa.com\/property\/finca-atemporal-en-las-montanas-de-escaleras-vistas-al-mar-privacidad-y-naturaleza-protegida"},"modified":"2025-10-06T12:35:58","modified_gmt":"2025-10-06T18:35:58","slug":"finca-atemporal-en-las-montanas-de-escaleras-vistas-al-mar-privacidad-y-naturaleza-protegida","status":"publish","type":"property","link":"https:\/\/vivirosa.com\/es\/property\/finca-atemporal-en-las-montanas-de-escaleras-vistas-al-mar-privacidad-y-naturaleza-protegida","title":{"rendered":"Finca atemporal en las monta\u00f1as de Escaleras: vistas al mar, privacidad y naturaleza protegida"},"content":{"rendered":"<p>Ubicada a 275 metros sobre la resplandeciente costa del Pac\u00edfico de Dominical, Costa Rica, esta finca \u00fanica es una oportunidad \u00fanica para poseer una propiedad hist\u00f3rica en la codiciada ladera de Escaleras. Ubicada en casi dos hect\u00e1reas de exuberante bosque que antiguamente eran pastos abiertos, el terreno se ha transformado con cari\u00f1o durante dos d\u00e9cadas en un santuario privado tanto para las personas como para la vida silvestre. \u00c1rboles frutales maduros, especies nativas plantadas a mano y crestas protegidas ofrecen un nivel de tranquilidad y privacidad cada vez m\u00e1s dif\u00edcil de encontrar.<\/p>\n<p>Desde el momento de su llegada, la sensaci\u00f3n es de dise\u00f1o atemporal y profunda conexi\u00f3n con la naturaleza. La casa fue cuidadosamente ubicada para capturar amplias vistas del oc\u00e9ano y la selva circundante, y cada habitaci\u00f3n mira hacia el Pac\u00edfico, donde es frecuente avistar ballenas y los atardeceres iluminan el cielo casi todas las noches del a\u00f1o.<\/p>\n<p>La casa principal presenta un dise\u00f1o abierto con m\u00faltiples salidas a la terraza y a la piscina infinita de 12 metros. La cocina es el sue\u00f1o de cualquier chef, con gabinetes hechos a mano a medida, encimeras de porcelana y una integraci\u00f3n fluida con la sala de estar y el comedor, todos con hermosos acabados de madera local y pisos de terracota. Los altos techos y las l\u00edneas limpias evocan una est\u00e9tica moderna de mediados de siglo, suavizada por la calidez de la madera y el exuberante ambiente exterior.<\/p>\n<p>La suite principal de 46 metros cuadrados es un verdadero refugio, con terraza privada, ba\u00f1era con vista al mar, vestidor y una amplia sala de estar. Al igual que todos los dormitorios de la propiedad, el dormitorio principal y el de invitados cuentan con ventanas en tres de sus lados, lo que permite una excelente ventilaci\u00f3n, un sue\u00f1o reparador y el suave sonido de las olas a lo lejos.<\/p>\n<p>Los espacios adicionales incluyen un amplio dormitorio de invitados, un espacioso lavadero\/despensa con espacio de almacenamiento y un sistema de bater\u00eda de respaldo para garantizar energ\u00eda ininterrumpida a los sistemas esenciales y \u00e1reas de estar al aire libre cuidadosamente dise\u00f1adas para disfrutar del sol y la sombra durante todo el d\u00eda.<\/p>\n<p>Un sendero corto conduce a una casa de hu\u00e9spedes totalmente independiente, escondida entre \u00e1rboles centenarios. Con su propia terraza con vista al mar, cocina completa, ba\u00f1o y amplios ventanales que enmarcan a la perfecci\u00f3n el horizonte y el bosque, es un lugar predilecto para que los hu\u00e9spedes disfruten de la conexi\u00f3n y la privacidad durante su estancia.<\/p>\n<p>Lo que realmente distingue a esta propiedad, adem\u00e1s de su artesan\u00eda y belleza natural, es el valor perdurable de su ubicaci\u00f3n. Escaleras ha experimentado un crecimiento considerable en los \u00faltimos a\u00f1os, pero el largo camino de entrada privado y el entorno protegido de esta finca garantizan su tranquilidad, privacidad e inversi\u00f3n. Propiedades como esta ya no se construyen.<\/p>\n<p>Si est\u00e1 buscando una casa que ofrezca vistas al mar, un dise\u00f1o atemporal, profunda privacidad y una conexi\u00f3n viva con el incre\u00edble mundo natural de Costa Rica, esta propiedad es realmente algo especial.<\/p>\n<p>*La casa se entrega completamente amueblada e incluye electrodom\u00e9sticos. \u00a1Un valor incre\u00edble de tan solo 1,250,000 T\/T!<br \/>\n(BZ-BR)<\/p>","protected":false},"excerpt":{"rendered":"<p>Perched at 900 feet above the sparkling Pacific coastline of Dominical, Costa Rica, this one-of-a-kind estate is a rare opportunity to own a legacy property in the highly sought-after mountainside of Escaleras. Set on nearly five acres of lush forest that was once open pasture, the land has been lovingly transformed over two decades into [&hellip;]<\/p>\n","protected":false},"author":9,"featured_media":77893,"parent":0,"menu_order":0,"template":"","property_type":[56],"property_status":[30],"property_feature":[],"property_label":[],"property_country":[65],"property_state":[339],"property_city":[],"property_area":[452,18,433],"class_list":["post-77886","property","type-property","status-publish","has-post-thumbnail","hentry","property_type-home","property_status-for-sale","property_country-costa-rica","property_state-puntarenas","property_area-bahia","property_area-bahia-ballena","property_area-hatillo-matapalo"],"property_meta":{"fave_property_land":["300"],"fave_property_location":["9.228611,-83.822181"],"fave_currency":["USD"],"houzez_geolocation_lat":["9.228611"],"houzez_geolocation_long":["-83.822181"],"fave_currency_info":[""],"fave_property_price":["1250000"],"fave_property_bedrooms":["3"],"fave_property_bathrooms":["3"],"fave_property_map":["1"],"fave_property_id":["77886"],"fave_property_address":["Savegre, Quepos, Puntarenas, Costa Rica"],"fave_property_country":["Costa Rica"],"fave_featured":["0"],"houzez_featured_listing_date":["2025-04-23T14:32:49.974Z"],"fave_agent_display_option":["author_info"],"fave_prop_homeslider":["no"],"floor_plans":["a:0:{}"],"fave_multi_units":["a:0:{}"],"additional_features":["a:0:{}"],"fave_agents":["80153"],"fave_property_agency":["19339"],"fave_property_map_address":[""],"fave_realtor_property_id":["C21"],"fave_citytown":["Quepos"],"fave_realtor_name":["LIBRELISTING"],"_wp_page_template":["default"],"fave_property_images":["77893","77905","77912","77943","77944","77947","77939","77889","77902","77909","77910","77930","77911","77888","77907","77988","77971","77908","77959","77969","77974","77989","77913","77929","77946","77973","77975","77931","77940","77960","77942","77906","77970","77941","77945","77894","77887","77891","77895","77896","77897","77898","77899","77914","77915","77916","77917","77932","77934","77935","77948","77949","77950","77956","77957","77962","77963","77964","77965","77966","77972","77976","77977","77983","77984","77990","77933","77900","77901","77936","77937","77938","77958","77961","77968","77967","77985","77986","77987","77890","77892","77903","77904","77918","77919","77920","77921","77922","77923","77924","77925","77926","77927","77928","77951","77952","77953","77954","77955","77978","77979","77980","77981","77982","77991","77992","77993","77994","77995","77996","77997","77998"],"_thumbnail_id":["77893"],"houzez_total_property_views":["1521"],"houzez_views_by_date":["a:61:{s:10:\"01-24-2026\";i:6;s:10:\"01-25-2026\";i:12;s:10:\"01-26-2026\";i:6;s:10:\"01-27-2026\";i:12;s:10:\"01-28-2026\";i:12;s:10:\"01-29-2026\";i:6;s:10:\"01-30-2026\";i:12;s:10:\"01-31-2026\";i:12;s:10:\"02-01-2026\";i:6;s:10:\"02-24-2026\";i:6;s:10:\"02-25-2026\";i:12;s:10:\"02-26-2026\";i:10;s:10:\"02-27-2026\";i:8;s:10:\"02-28-2026\";i:6;s:10:\"03-01-2026\";i:12;s:10:\"03-02-2026\";i:6;s:10:\"03-03-2026\";i:8;s:10:\"03-04-2026\";i:6;s:10:\"03-05-2026\";i:6;s:10:\"03-06-2026\";i:6;s:10:\"03-07-2026\";i:6;s:10:\"03-08-2026\";i:6;s:10:\"03-10-2026\";i:6;s:10:\"03-11-2026\";i:6;s:10:\"03-12-2026\";i:6;s:10:\"03-13-2026\";i:6;s:10:\"03-14-2026\";i:7;s:10:\"03-15-2026\";i:2;s:10:\"03-17-2026\";i:1;s:10:\"03-18-2026\";i:7;s:10:\"03-19-2026\";i:7;s:10:\"03-21-2026\";i:6;s:10:\"03-24-2026\";i:6;s:10:\"03-25-2026\";i:7;s:10:\"03-26-2026\";i:6;s:10:\"03-28-2026\";i:6;s:10:\"03-30-2026\";i:1;s:10:\"03-31-2026\";i:6;s:10:\"04-01-2026\";i:7;s:10:\"04-02-2026\";i:6;s:10:\"04-03-2026\";i:6;s:10:\"04-04-2026\";i:7;s:10:\"04-05-2026\";i:4;s:10:\"04-06-2026\";i:2;s:10:\"04-09-2026\";i:6;s:10:\"04-11-2026\";i:6;s:10:\"04-14-2026\";i:6;s:10:\"04-15-2026\";i:6;s:10:\"04-16-2026\";i:6;s:10:\"04-17-2026\";i:6;s:10:\"04-18-2026\";i:6;s:10:\"04-20-2026\";i:8;s:10:\"04-21-2026\";i:8;s:10:\"04-22-2026\";i:6;s:10:\"04-24-2026\";i:6;s:10:\"04-25-2026\";i:9;s:10:\"04-26-2026\";i:1;s:10:\"04-27-2026\";i:1;s:10:\"04-29-2026\";i:9;s:10:\"04-30-2026\";i:7;s:10:\"05-01-2026\";i:6;}"],"houzez_recently_viewed":["2026-05-01 02:01:48"],"_elementor_page_assets":["a:0:{}"]},"yoast_head":"<!-- This site is optimized with the Yoast SEO plugin v27.5 - https:\/\/yoast.com\/product\/yoast-seo-wordpress\/ -->\n<title>Finca atemporal en las monta\u00f1as de Escaleras: vistas al mar, privacidad y naturaleza protegida - Vivirosa<\/title>\n<meta name=\"robots\" content=\"index, follow, max-snippet:-1, max-image-preview:large, max-video-preview:-1\" \/>\n<link rel=\"canonical\" href=\"https:\/\/vivirosa.com\/es\/property\/finca-atemporal-en-las-montanas-de-escaleras-vistas-al-mar-privacidad-y-naturaleza-protegida\/\" \/>\n<meta property=\"og:locale\" content=\"es_ES\" \/>\n<meta property=\"og:type\" content=\"article\" \/>\n<meta property=\"og:title\" content=\"Finca atemporal en las monta\u00f1as de Escaleras: vistas al mar, privacidad y naturaleza protegida - Vivirosa\" \/>\n<meta property=\"og:description\" content=\"Perched at 900 feet above the sparkling Pacific coastline of Dominical, Costa Rica, this one-of-a-kind estate is a rare opportunity to own a legacy property in the highly sought-after mountainside of Escaleras. Set on nearly five acres of lush forest that was once open pasture, the land has been lovingly transformed over two decades into [&hellip;]\" \/>\n<meta property=\"og:url\" content=\"https:\/\/vivirosa.com\/es\/property\/finca-atemporal-en-las-montanas-de-escaleras-vistas-al-mar-privacidad-y-naturaleza-protegida\/\" \/>\n<meta property=\"og:site_name\" content=\"Vivirosa\" \/>\n<meta property=\"article:publisher\" content=\"https:\/\/www.facebook.com\/profile.php?id=61561901322800\" \/>\n<meta property=\"article:modified_time\" content=\"2025-10-06T18:35:58+00:00\" \/>\n<meta property=\"og:image\" content=\"https:\/\/vivirosa.com\/wp-content\/uploads\/2025\/04\/680698b859c7b.jpg\" \/>\n\t<meta property=\"og:image:width\" content=\"1200\" \/>\n\t<meta property=\"og:image:height\" content=\"900\" \/>\n\t<meta property=\"og:image:type\" content=\"image\/jpeg\" \/>\n<meta name=\"twitter:card\" content=\"summary_large_image\" \/>\n<meta name=\"twitter:label1\" content=\"Est. reading time\" \/>\n\t<meta name=\"twitter:data1\" content=\"2 minutos\" \/>\n<script type=\"application\/ld+json\" class=\"yoast-schema-graph\">{\"@context\":\"https:\\\/\\\/schema.org\",\"@graph\":[{\"@type\":\"WebPage\",\"@id\":\"https:\\\/\\\/vivirosa.com\\\/property\\\/finca-atemporal-en-las-montanas-de-escaleras-vistas-al-mar-privacidad-y-naturaleza-protegida\",\"url\":\"https:\\\/\\\/vivirosa.com\\\/property\\\/finca-atemporal-en-las-montanas-de-escaleras-vistas-al-mar-privacidad-y-naturaleza-protegida\",\"name\":\"Finca atemporal en las monta\u00f1as de Escaleras: vistas al mar, privacidad y naturaleza protegida - Vivirosa\",\"isPartOf\":{\"@id\":\"https:\\\/\\\/vivirosa.com\\\/fr\\\/#website\"},\"primaryImageOfPage\":{\"@id\":\"https:\\\/\\\/vivirosa.com\\\/property\\\/finca-atemporal-en-las-montanas-de-escaleras-vistas-al-mar-privacidad-y-naturaleza-protegida#primaryimage\"},\"image\":{\"@id\":\"https:\\\/\\\/vivirosa.com\\\/property\\\/finca-atemporal-en-las-montanas-de-escaleras-vistas-al-mar-privacidad-y-naturaleza-protegida#primaryimage\"},\"thumbnailUrl\":\"https:\\\/\\\/vivirosa.com\\\/wp-content\\\/uploads\\\/2025\\\/04\\\/680698b859c7b.jpg\",\"datePublished\":\"2025-04-23T20:32:49+00:00\",\"dateModified\":\"2025-10-06T18:35:58+00:00\",\"breadcrumb\":{\"@id\":\"https:\\\/\\\/vivirosa.com\\\/property\\\/finca-atemporal-en-las-montanas-de-escaleras-vistas-al-mar-privacidad-y-naturaleza-protegida#breadcrumb\"},\"inLanguage\":\"es-CR\",\"potentialAction\":[{\"@type\":\"ReadAction\",\"target\":[\"https:\\\/\\\/vivirosa.com\\\/property\\\/finca-atemporal-en-las-montanas-de-escaleras-vistas-al-mar-privacidad-y-naturaleza-protegida\"]}]},{\"@type\":\"ImageObject\",\"inLanguage\":\"es-CR\",\"@id\":\"https:\\\/\\\/vivirosa.com\\\/property\\\/finca-atemporal-en-las-montanas-de-escaleras-vistas-al-mar-privacidad-y-naturaleza-protegida#primaryimage\",\"url\":\"https:\\\/\\\/vivirosa.com\\\/wp-content\\\/uploads\\\/2025\\\/04\\\/680698b859c7b.jpg\",\"contentUrl\":\"https:\\\/\\\/vivirosa.com\\\/wp-content\\\/uploads\\\/2025\\\/04\\\/680698b859c7b.jpg\",\"width\":1200,\"height\":900},{\"@type\":\"BreadcrumbList\",\"@id\":\"https:\\\/\\\/vivirosa.com\\\/property\\\/finca-atemporal-en-las-montanas-de-escaleras-vistas-al-mar-privacidad-y-naturaleza-protegida#breadcrumb\",\"itemListElement\":[{\"@type\":\"ListItem\",\"position\":1,\"name\":\"Home\",\"item\":\"https:\\\/\\\/vivirosa.com\\\/\"},{\"@type\":\"ListItem\",\"position\":2,\"name\":\"Properties\",\"item\":\"https:\\\/\\\/vivirosa.com\\\/fr\\\/property\"},{\"@type\":\"ListItem\",\"position\":3,\"name\":\"Finca atemporal en las monta\u00f1as de Escaleras: vistas al mar, privacidad y naturaleza protegida\"}]},{\"@type\":\"WebSite\",\"@id\":\"https:\\\/\\\/vivirosa.com\\\/fr\\\/#website\",\"url\":\"https:\\\/\\\/vivirosa.com\\\/fr\\\/\",\"name\":\"Vivirosa\",\"description\":\"Costa Rica real estate made easy\",\"publisher\":{\"@id\":\"https:\\\/\\\/vivirosa.com\\\/fr\\\/#organization\"},\"potentialAction\":[{\"@type\":\"SearchAction\",\"target\":{\"@type\":\"EntryPoint\",\"urlTemplate\":\"https:\\\/\\\/vivirosa.com\\\/fr\\\/?s={search_term_string}\"},\"query-input\":{\"@type\":\"PropertyValueSpecification\",\"valueRequired\":true,\"valueName\":\"search_term_string\"}}],\"inLanguage\":\"es-CR\"},{\"@type\":\"Organization\",\"@id\":\"https:\\\/\\\/vivirosa.com\\\/fr\\\/#organization\",\"name\":\"Vivirosa\",\"url\":\"https:\\\/\\\/vivirosa.com\\\/fr\\\/\",\"logo\":{\"@type\":\"ImageObject\",\"inLanguage\":\"es-CR\",\"@id\":\"https:\\\/\\\/vivirosa.com\\\/fr\\\/#\\\/schema\\\/logo\\\/image\\\/\",\"url\":\"https:\\\/\\\/vivirosa.com\\\/wp-content\\\/uploads\\\/2025\\\/02\\\/vivirosa-logo.png\",\"contentUrl\":\"https:\\\/\\\/vivirosa.com\\\/wp-content\\\/uploads\\\/2025\\\/02\\\/vivirosa-logo.png\",\"width\":1200,\"height\":240,\"caption\":\"Vivirosa\"},\"image\":{\"@id\":\"https:\\\/\\\/vivirosa.com\\\/fr\\\/#\\\/schema\\\/logo\\\/image\\\/\"},\"sameAs\":[\"https:\\\/\\\/www.facebook.com\\\/profile.php?id=61561901322800\"]}]}<\/script>\n<!-- \/ Yoast SEO plugin. -->","yoast_head_json":{"title":"Finca atemporal en las monta\u00f1as de Escaleras: vistas al mar, privacidad y naturaleza protegida - Vivirosa","robots":{"index":"index","follow":"follow","max-snippet":"max-snippet:-1","max-image-preview":"max-image-preview:large","max-video-preview":"max-video-preview:-1"},"canonical":"https:\/\/vivirosa.com\/es\/property\/finca-atemporal-en-las-montanas-de-escaleras-vistas-al-mar-privacidad-y-naturaleza-protegida\/","og_locale":"es_ES","og_type":"article","og_title":"Finca atemporal en las monta\u00f1as de Escaleras: vistas al mar, privacidad y naturaleza protegida - Vivirosa","og_description":"Perched at 900 feet above the sparkling Pacific coastline of Dominical, Costa Rica, this one-of-a-kind estate is a rare opportunity to own a legacy property in the highly sought-after mountainside of Escaleras. Set on nearly five acres of lush forest that was once open pasture, the land has been lovingly transformed over two decades into [&hellip;]","og_url":"https:\/\/vivirosa.com\/es\/property\/finca-atemporal-en-las-montanas-de-escaleras-vistas-al-mar-privacidad-y-naturaleza-protegida\/","og_site_name":"Vivirosa","article_publisher":"https:\/\/www.facebook.com\/profile.php?id=61561901322800","article_modified_time":"2025-10-06T18:35:58+00:00","og_image":[{"width":1200,"height":900,"url":"https:\/\/vivirosa.com\/wp-content\/uploads\/2025\/04\/680698b859c7b.jpg","type":"image\/jpeg"}],"twitter_card":"summary_large_image","twitter_misc":{"Est. reading time":"2 minutos"},"schema":{"@context":"https:\/\/schema.org","@graph":[{"@type":"WebPage","@id":"https:\/\/vivirosa.com\/property\/finca-atemporal-en-las-montanas-de-escaleras-vistas-al-mar-privacidad-y-naturaleza-protegida","url":"https:\/\/vivirosa.com\/property\/finca-atemporal-en-las-montanas-de-escaleras-vistas-al-mar-privacidad-y-naturaleza-protegida","name":"Finca atemporal en las monta\u00f1as de Escaleras: vistas al mar, privacidad y naturaleza protegida - Vivirosa","isPartOf":{"@id":"https:\/\/vivirosa.com\/fr\/#website"},"primaryImageOfPage":{"@id":"https:\/\/vivirosa.com\/property\/finca-atemporal-en-las-montanas-de-escaleras-vistas-al-mar-privacidad-y-naturaleza-protegida#primaryimage"},"image":{"@id":"https:\/\/vivirosa.com\/property\/finca-atemporal-en-las-montanas-de-escaleras-vistas-al-mar-privacidad-y-naturaleza-protegida#primaryimage"},"thumbnailUrl":"https:\/\/vivirosa.com\/wp-content\/uploads\/2025\/04\/680698b859c7b.jpg","datePublished":"2025-04-23T20:32:49+00:00","dateModified":"2025-10-06T18:35:58+00:00","breadcrumb":{"@id":"https:\/\/vivirosa.com\/property\/finca-atemporal-en-las-montanas-de-escaleras-vistas-al-mar-privacidad-y-naturaleza-protegida#breadcrumb"},"inLanguage":"es-CR","potentialAction":[{"@type":"ReadAction","target":["https:\/\/vivirosa.com\/property\/finca-atemporal-en-las-montanas-de-escaleras-vistas-al-mar-privacidad-y-naturaleza-protegida"]}]},{"@type":"ImageObject","inLanguage":"es-CR","@id":"https:\/\/vivirosa.com\/property\/finca-atemporal-en-las-montanas-de-escaleras-vistas-al-mar-privacidad-y-naturaleza-protegida#primaryimage","url":"https:\/\/vivirosa.com\/wp-content\/uploads\/2025\/04\/680698b859c7b.jpg","contentUrl":"https:\/\/vivirosa.com\/wp-content\/uploads\/2025\/04\/680698b859c7b.jpg","width":1200,"height":900},{"@type":"BreadcrumbList","@id":"https:\/\/vivirosa.com\/property\/finca-atemporal-en-las-montanas-de-escaleras-vistas-al-mar-privacidad-y-naturaleza-protegida#breadcrumb","itemListElement":[{"@type":"ListItem","position":1,"name":"Home","item":"https:\/\/vivirosa.com\/"},{"@type":"ListItem","position":2,"name":"Properties","item":"https:\/\/vivirosa.com\/fr\/property"},{"@type":"ListItem","position":3,"name":"Finca atemporal en las monta\u00f1as de Escaleras: vistas al mar, privacidad y naturaleza protegida"}]},{"@type":"WebSite","@id":"https:\/\/vivirosa.com\/fr\/#website","url":"https:\/\/vivirosa.com\/fr\/","name":"Vivirosa","description":"Bienes ra\u00edces en Costa Rica simplificados","publisher":{"@id":"https:\/\/vivirosa.com\/fr\/#organization"},"potentialAction":[{"@type":"SearchAction","target":{"@type":"EntryPoint","urlTemplate":"https:\/\/vivirosa.com\/fr\/?s={search_term_string}"},"query-input":{"@type":"PropertyValueSpecification","valueRequired":true,"valueName":"search_term_string"}}],"inLanguage":"es-CR"},{"@type":"Organization","@id":"https:\/\/vivirosa.com\/fr\/#organization","name":"Vivirosa","url":"https:\/\/vivirosa.com\/fr\/","logo":{"@type":"ImageObject","inLanguage":"es-CR","@id":"https:\/\/vivirosa.com\/fr\/#\/schema\/logo\/image\/","url":"https:\/\/vivirosa.com\/wp-content\/uploads\/2025\/02\/vivirosa-logo.png","contentUrl":"https:\/\/vivirosa.com\/wp-content\/uploads\/2025\/02\/vivirosa-logo.png","width":1200,"height":240,"caption":"Vivirosa"},"image":{"@id":"https:\/\/vivirosa.com\/fr\/#\/schema\/logo\/image\/"},"sameAs":["https:\/\/www.facebook.com\/profile.php?id=61561901322800"]}]}},"_links":{"self":[{"href":"https:\/\/vivirosa.com\/es\/wp-json\/wp\/v2\/properties\/77886","targetHints":{"allow":["GET"]}}],"collection":[{"href":"https:\/\/vivirosa.com\/es\/wp-json\/wp\/v2\/properties"}],"about":[{"href":"https:\/\/vivirosa.com\/es\/wp-json\/wp\/v2\/types\/property"}],"author":[{"embeddable":true,"href":"https:\/\/vivirosa.com\/es\/wp-json\/wp\/v2\/users\/9"}],"version-history":[{"count":1,"href":"https:\/\/vivirosa.com\/es\/wp-json\/wp\/v2\/properties\/77886\/revisions"}],"predecessor-version":[{"id":80095,"href":"https:\/\/vivirosa.com\/es\/wp-json\/wp\/v2\/properties\/77886\/revisions\/80095"}],"wp:featuredmedia":[{"embeddable":true,"href":"https:\/\/vivirosa.com\/es\/wp-json\/wp\/v2\/media\/77893"}],"wp:attachment":[{"href":"https:\/\/vivirosa.com\/es\/wp-json\/wp\/v2\/media?parent=77886"}],"wp:term":[{"taxonomy":"property_type","embeddable":true,"href":"https:\/\/vivirosa.com\/es\/wp-json\/wp\/v2\/property_type?post=77886"},{"taxonomy":"property_status","embeddable":true,"href":"https:\/\/vivirosa.com\/es\/wp-json\/wp\/v2\/property_status?post=77886"},{"taxonomy":"property_feature","embeddable":true,"href":"https:\/\/vivirosa.com\/es\/wp-json\/wp\/v2\/property_feature?post=77886"},{"taxonomy":"property_label","embeddable":true,"href":"https:\/\/vivirosa.com\/es\/wp-json\/wp\/v2\/property_label?post=77886"},{"taxonomy":"property_country","embeddable":true,"href":"https:\/\/vivirosa.com\/es\/wp-json\/wp\/v2\/property_country?post=77886"},{"taxonomy":"property_state","embeddable":true,"href":"https:\/\/vivirosa.com\/es\/wp-json\/wp\/v2\/property_state?post=77886"},{"taxonomy":"property_city","embeddable":true,"href":"https:\/\/vivirosa.com\/es\/wp-json\/wp\/v2\/property_city?post=77886"},{"taxonomy":"property_area","embeddable":true,"href":"https:\/\/vivirosa.com\/es\/wp-json\/wp\/v2\/property_area?post=77886"}],"curies":[{"name":"wp","href":"https:\/\/api.w.org\/{rel}","templated":true}]}}