{"id":78019,"date":"2025-04-23T14:32:49","date_gmt":"2025-04-23T20:32:49","guid":{"rendered":"https:\/\/vivirosa.com\/property\/lote-con-potencial-comercial-la-palma-perez-zeledon"},"modified":"2026-03-04T10:12:19","modified_gmt":"2026-03-04T16:12:19","slug":"lote-con-potencial-comercial-la-palma-perez-zeledon","status":"publish","type":"property","link":"https:\/\/vivirosa.com\/es\/property\/lote-con-potencial-comercial-la-palma-perez-zeledon","title":{"rendered":"Lote con Potencial Comercial \u2013 La Palma, P\u00e9rez Zeled\u00f3n"},"content":{"rendered":"<p>Ubicado sobre la Ruta 243 en La Palma, este lote de 1657 m\u00b2 ofrece excelente visibilidad en la transitada carretera que conecta San Isidro de El General con la ciudad costera de Dominical. Su ubicaci\u00f3n lo convierte en un sitio prometedor para diversos proyectos futuros, incluyendo la posibilidad de un restaurante o un peque\u00f1o negocio comercial.<\/p>\n<p>El terreno cuenta con una zona despejada y con suave pendiente, con acceso directo desde la carretera, lo que lo hace ideal para planificaci\u00f3n y desarrollo inmediatos. Su frente a la carretera garantiza una alta exposici\u00f3n al tr\u00e1fico, ideal para un negocio que se beneficia de la visibilidad y la comodidad.<\/p>\n<p>Servicios b\u00e1sicos como electricidad y agua est\u00e1n cerca, lo que ofrece un punto de partida pr\u00e1ctico para futuras construcciones. Esta propiedad representa una valiosa oportunidad para quienes buscan invertir en una zona en crecimiento y estrat\u00e9gicamente ubicada.<br \/>\n(BZ-AU)<\/p>","protected":false},"excerpt":{"rendered":"<p>Positioned along Route 243 in La Palma, this 1,657 m\u00b2 lot offers excellent visibility on the well-traveled road that connects San Isidro de El General with the coastal town of Dominical. Its location makes it a promising site for a variety of future projects, including the potential for a restaurant or small commercial venture. The [&hellip;]<\/p>\n","protected":false},"author":9,"featured_media":78021,"parent":0,"menu_order":0,"template":"","property_type":[346],"property_status":[30],"property_feature":[],"property_label":[],"property_country":[65],"property_state":[340],"property_city":[],"property_area":[452,18],"class_list":["post-78019","property","type-property","status-publish","has-post-thumbnail","hentry","property_type-commercial","property_status-for-sale","property_country-costa-rica","property_state-san-jose","property_area-bahia","property_area-bahia-ballena"],"property_meta":{"fave_property_land":["1657"],"fave_property_location":["9.340168,-83.737228"],"fave_currency":["USD"],"houzez_geolocation_lat":["9.340168"],"houzez_geolocation_long":["-83.737228"],"fave_currency_info":[""],"fave_property_price":["41000"],"fave_property_map":["1"],"fave_property_id":["78019"],"fave_property_address":["San Isidro del General, P\u00e9rez Zeled\u00f3n, San Jos\u00e9, Costa Rica"],"fave_property_country":["Costa Rica"],"fave_featured":["0"],"houzez_featured_listing_date":["2025-04-23T14:32:49.962Z"],"fave_agent_display_option":["author_info"],"fave_prop_homeslider":["no"],"floor_plans":["a:0:{}"],"fave_multi_units":["a:0:{}"],"additional_features":["a:0:{}"],"fave_agents":["80153"],"fave_property_agency":["19339"],"fave_property_map_address":[""],"fave_realtor_property_id":["C21"],"fave_citytown":["P\u00e9rez Zeled\u00f3n"],"fave_realtor_name":["LIBRELISTING"],"_wp_page_template":["default"],"fave_property_images":["78021","78020","78022","78023","78024","78025","78026","78027","78028","78029","78030","78031","78032","78033","78034"],"_thumbnail_id":["78021"],"houzez_total_property_views":["254"],"houzez_views_by_date":["a:43:{s:10:\"03-05-2026\";i:6;s:10:\"03-06-2026\";i:6;s:10:\"03-07-2026\";i:6;s:10:\"03-08-2026\";i:6;s:10:\"03-10-2026\";i:6;s:10:\"03-11-2026\";i:6;s:10:\"03-12-2026\";i:6;s:10:\"03-13-2026\";i:6;s:10:\"03-14-2026\";i:7;s:10:\"03-18-2026\";i:6;s:10:\"03-19-2026\";i:6;s:10:\"03-21-2026\";i:5;s:10:\"03-23-2026\";i:1;s:10:\"03-24-2026\";i:7;s:10:\"03-25-2026\";i:6;s:10:\"03-26-2026\";i:6;s:10:\"03-28-2026\";i:7;s:10:\"03-29-2026\";i:2;s:10:\"03-31-2026\";i:8;s:10:\"04-01-2026\";i:8;s:10:\"04-02-2026\";i:7;s:10:\"04-03-2026\";i:7;s:10:\"04-04-2026\";i:8;s:10:\"04-06-2026\";i:1;s:10:\"04-07-2026\";i:2;s:10:\"04-08-2026\";i:4;s:10:\"04-09-2026\";i:6;s:10:\"04-10-2026\";i:3;s:10:\"04-11-2026\";i:6;s:10:\"04-13-2026\";i:3;s:10:\"04-14-2026\";i:8;s:10:\"04-15-2026\";i:7;s:10:\"04-16-2026\";i:9;s:10:\"04-17-2026\";i:8;s:10:\"04-18-2026\";i:6;s:10:\"04-19-2026\";i:1;s:10:\"04-20-2026\";i:9;s:10:\"04-21-2026\";i:6;s:10:\"04-22-2026\";i:9;s:10:\"04-23-2026\";i:2;s:10:\"04-24-2026\";i:10;s:10:\"04-25-2026\";i:12;s:10:\"04-26-2026\";i:3;}"],"houzez_recently_viewed":["2026-04-26 00:56:34"],"_elementor_page_assets":["a:0:{}"]},"yoast_head":"<!-- This site is optimized with the Yoast SEO plugin v27.4 - https:\/\/yoast.com\/product\/yoast-seo-wordpress\/ -->\n<title>Lote con Potencial Comercial \u2013 La Palma, P\u00e9rez Zeled\u00f3n - Vivirosa<\/title>\n<meta name=\"robots\" content=\"index, follow, max-snippet:-1, max-image-preview:large, max-video-preview:-1\" \/>\n<link rel=\"canonical\" href=\"https:\/\/vivirosa.com\/es\/property\/lote-con-potencial-comercial-la-palma-perez-zeledon\/\" \/>\n<meta property=\"og:locale\" content=\"es_ES\" \/>\n<meta property=\"og:type\" content=\"article\" \/>\n<meta property=\"og:title\" content=\"Lote con Potencial Comercial \u2013 La Palma, P\u00e9rez Zeled\u00f3n - Vivirosa\" \/>\n<meta property=\"og:description\" content=\"Positioned along Route 243 in La Palma, this 1,657 m\u00b2 lot offers excellent visibility on the well-traveled road that connects San Isidro de El General with the coastal town of Dominical. Its location makes it a promising site for a variety of future projects, including the potential for a restaurant or small commercial venture. The [&hellip;]\" \/>\n<meta property=\"og:url\" content=\"https:\/\/vivirosa.com\/es\/property\/lote-con-potencial-comercial-la-palma-perez-zeledon\/\" \/>\n<meta property=\"og:site_name\" content=\"Vivirosa\" \/>\n<meta property=\"article:publisher\" content=\"https:\/\/www.facebook.com\/profile.php?id=61561901322800\" \/>\n<meta property=\"article:modified_time\" content=\"2026-03-04T16:12:19+00:00\" \/>\n<meta property=\"og:image\" content=\"https:\/\/vivirosa.com\/wp-content\/uploads\/2025\/04\/6806737a7daae.jpg\" \/>\n\t<meta property=\"og:image:width\" content=\"1200\" \/>\n\t<meta property=\"og:image:height\" content=\"675\" \/>\n\t<meta property=\"og:image:type\" content=\"image\/jpeg\" \/>\n<meta name=\"twitter:card\" content=\"summary_large_image\" \/>\n<meta name=\"twitter:label1\" content=\"Est. reading time\" \/>\n\t<meta name=\"twitter:data1\" content=\"1 minuto\" \/>\n<script type=\"application\/ld+json\" class=\"yoast-schema-graph\">{\"@context\":\"https:\\\/\\\/schema.org\",\"@graph\":[{\"@type\":\"WebPage\",\"@id\":\"https:\\\/\\\/vivirosa.com\\\/property\\\/lote-con-potencial-comercial-la-palma-perez-zeledon\",\"url\":\"https:\\\/\\\/vivirosa.com\\\/property\\\/lote-con-potencial-comercial-la-palma-perez-zeledon\",\"name\":\"Lote con Potencial Comercial \u2013 La Palma, P\u00e9rez Zeled\u00f3n - Vivirosa\",\"isPartOf\":{\"@id\":\"https:\\\/\\\/vivirosa.com\\\/fr\\\/#website\"},\"primaryImageOfPage\":{\"@id\":\"https:\\\/\\\/vivirosa.com\\\/property\\\/lote-con-potencial-comercial-la-palma-perez-zeledon#primaryimage\"},\"image\":{\"@id\":\"https:\\\/\\\/vivirosa.com\\\/property\\\/lote-con-potencial-comercial-la-palma-perez-zeledon#primaryimage\"},\"thumbnailUrl\":\"https:\\\/\\\/vivirosa.com\\\/wp-content\\\/uploads\\\/2025\\\/04\\\/6806737a7daae.jpg\",\"datePublished\":\"2025-04-23T20:32:49+00:00\",\"dateModified\":\"2026-03-04T16:12:19+00:00\",\"breadcrumb\":{\"@id\":\"https:\\\/\\\/vivirosa.com\\\/property\\\/lote-con-potencial-comercial-la-palma-perez-zeledon#breadcrumb\"},\"inLanguage\":\"es-CR\",\"potentialAction\":[{\"@type\":\"ReadAction\",\"target\":[\"https:\\\/\\\/vivirosa.com\\\/property\\\/lote-con-potencial-comercial-la-palma-perez-zeledon\"]}]},{\"@type\":\"ImageObject\",\"inLanguage\":\"es-CR\",\"@id\":\"https:\\\/\\\/vivirosa.com\\\/property\\\/lote-con-potencial-comercial-la-palma-perez-zeledon#primaryimage\",\"url\":\"https:\\\/\\\/vivirosa.com\\\/wp-content\\\/uploads\\\/2025\\\/04\\\/6806737a7daae.jpg\",\"contentUrl\":\"https:\\\/\\\/vivirosa.com\\\/wp-content\\\/uploads\\\/2025\\\/04\\\/6806737a7daae.jpg\",\"width\":1200,\"height\":675},{\"@type\":\"BreadcrumbList\",\"@id\":\"https:\\\/\\\/vivirosa.com\\\/property\\\/lote-con-potencial-comercial-la-palma-perez-zeledon#breadcrumb\",\"itemListElement\":[{\"@type\":\"ListItem\",\"position\":1,\"name\":\"Home\",\"item\":\"https:\\\/\\\/vivirosa.com\\\/\"},{\"@type\":\"ListItem\",\"position\":2,\"name\":\"Properties\",\"item\":\"https:\\\/\\\/vivirosa.com\\\/fr\\\/property\"},{\"@type\":\"ListItem\",\"position\":3,\"name\":\"Lote con Potencial Comercial \u2013 La Palma, P\u00e9rez Zeled\u00f3n\"}]},{\"@type\":\"WebSite\",\"@id\":\"https:\\\/\\\/vivirosa.com\\\/fr\\\/#website\",\"url\":\"https:\\\/\\\/vivirosa.com\\\/fr\\\/\",\"name\":\"Vivirosa\",\"description\":\"Costa Rica real estate made easy\",\"publisher\":{\"@id\":\"https:\\\/\\\/vivirosa.com\\\/fr\\\/#organization\"},\"potentialAction\":[{\"@type\":\"SearchAction\",\"target\":{\"@type\":\"EntryPoint\",\"urlTemplate\":\"https:\\\/\\\/vivirosa.com\\\/fr\\\/?s={search_term_string}\"},\"query-input\":{\"@type\":\"PropertyValueSpecification\",\"valueRequired\":true,\"valueName\":\"search_term_string\"}}],\"inLanguage\":\"es-CR\"},{\"@type\":\"Organization\",\"@id\":\"https:\\\/\\\/vivirosa.com\\\/fr\\\/#organization\",\"name\":\"Vivirosa\",\"url\":\"https:\\\/\\\/vivirosa.com\\\/fr\\\/\",\"logo\":{\"@type\":\"ImageObject\",\"inLanguage\":\"es-CR\",\"@id\":\"https:\\\/\\\/vivirosa.com\\\/fr\\\/#\\\/schema\\\/logo\\\/image\\\/\",\"url\":\"https:\\\/\\\/vivirosa.com\\\/wp-content\\\/uploads\\\/2025\\\/02\\\/vivirosa-logo.png\",\"contentUrl\":\"https:\\\/\\\/vivirosa.com\\\/wp-content\\\/uploads\\\/2025\\\/02\\\/vivirosa-logo.png\",\"width\":1200,\"height\":240,\"caption\":\"Vivirosa\"},\"image\":{\"@id\":\"https:\\\/\\\/vivirosa.com\\\/fr\\\/#\\\/schema\\\/logo\\\/image\\\/\"},\"sameAs\":[\"https:\\\/\\\/www.facebook.com\\\/profile.php?id=61561901322800\"]}]}<\/script>\n<!-- \/ Yoast SEO plugin. -->","yoast_head_json":{"title":"Lote con Potencial Comercial \u2013 La Palma, P\u00e9rez Zeled\u00f3n - Vivirosa","robots":{"index":"index","follow":"follow","max-snippet":"max-snippet:-1","max-image-preview":"max-image-preview:large","max-video-preview":"max-video-preview:-1"},"canonical":"https:\/\/vivirosa.com\/es\/property\/lote-con-potencial-comercial-la-palma-perez-zeledon\/","og_locale":"es_ES","og_type":"article","og_title":"Lote con Potencial Comercial \u2013 La Palma, P\u00e9rez Zeled\u00f3n - Vivirosa","og_description":"Positioned along Route 243 in La Palma, this 1,657 m\u00b2 lot offers excellent visibility on the well-traveled road that connects San Isidro de El General with the coastal town of Dominical. Its location makes it a promising site for a variety of future projects, including the potential for a restaurant or small commercial venture. The [&hellip;]","og_url":"https:\/\/vivirosa.com\/es\/property\/lote-con-potencial-comercial-la-palma-perez-zeledon\/","og_site_name":"Vivirosa","article_publisher":"https:\/\/www.facebook.com\/profile.php?id=61561901322800","article_modified_time":"2026-03-04T16:12:19+00:00","og_image":[{"width":1200,"height":675,"url":"https:\/\/vivirosa.com\/wp-content\/uploads\/2025\/04\/6806737a7daae.jpg","type":"image\/jpeg"}],"twitter_card":"summary_large_image","twitter_misc":{"Est. reading time":"1 minuto"},"schema":{"@context":"https:\/\/schema.org","@graph":[{"@type":"WebPage","@id":"https:\/\/vivirosa.com\/property\/lote-con-potencial-comercial-la-palma-perez-zeledon","url":"https:\/\/vivirosa.com\/property\/lote-con-potencial-comercial-la-palma-perez-zeledon","name":"Lote con Potencial Comercial \u2013 La Palma, P\u00e9rez Zeled\u00f3n - Vivirosa","isPartOf":{"@id":"https:\/\/vivirosa.com\/fr\/#website"},"primaryImageOfPage":{"@id":"https:\/\/vivirosa.com\/property\/lote-con-potencial-comercial-la-palma-perez-zeledon#primaryimage"},"image":{"@id":"https:\/\/vivirosa.com\/property\/lote-con-potencial-comercial-la-palma-perez-zeledon#primaryimage"},"thumbnailUrl":"https:\/\/vivirosa.com\/wp-content\/uploads\/2025\/04\/6806737a7daae.jpg","datePublished":"2025-04-23T20:32:49+00:00","dateModified":"2026-03-04T16:12:19+00:00","breadcrumb":{"@id":"https:\/\/vivirosa.com\/property\/lote-con-potencial-comercial-la-palma-perez-zeledon#breadcrumb"},"inLanguage":"es-CR","potentialAction":[{"@type":"ReadAction","target":["https:\/\/vivirosa.com\/property\/lote-con-potencial-comercial-la-palma-perez-zeledon"]}]},{"@type":"ImageObject","inLanguage":"es-CR","@id":"https:\/\/vivirosa.com\/property\/lote-con-potencial-comercial-la-palma-perez-zeledon#primaryimage","url":"https:\/\/vivirosa.com\/wp-content\/uploads\/2025\/04\/6806737a7daae.jpg","contentUrl":"https:\/\/vivirosa.com\/wp-content\/uploads\/2025\/04\/6806737a7daae.jpg","width":1200,"height":675},{"@type":"BreadcrumbList","@id":"https:\/\/vivirosa.com\/property\/lote-con-potencial-comercial-la-palma-perez-zeledon#breadcrumb","itemListElement":[{"@type":"ListItem","position":1,"name":"Home","item":"https:\/\/vivirosa.com\/"},{"@type":"ListItem","position":2,"name":"Properties","item":"https:\/\/vivirosa.com\/fr\/property"},{"@type":"ListItem","position":3,"name":"Lote con Potencial Comercial \u2013 La Palma, P\u00e9rez Zeled\u00f3n"}]},{"@type":"WebSite","@id":"https:\/\/vivirosa.com\/fr\/#website","url":"https:\/\/vivirosa.com\/fr\/","name":"Vivirosa","description":"Bienes ra\u00edces en Costa Rica simplificados","publisher":{"@id":"https:\/\/vivirosa.com\/fr\/#organization"},"potentialAction":[{"@type":"SearchAction","target":{"@type":"EntryPoint","urlTemplate":"https:\/\/vivirosa.com\/fr\/?s={search_term_string}"},"query-input":{"@type":"PropertyValueSpecification","valueRequired":true,"valueName":"search_term_string"}}],"inLanguage":"es-CR"},{"@type":"Organization","@id":"https:\/\/vivirosa.com\/fr\/#organization","name":"Vivirosa","url":"https:\/\/vivirosa.com\/fr\/","logo":{"@type":"ImageObject","inLanguage":"es-CR","@id":"https:\/\/vivirosa.com\/fr\/#\/schema\/logo\/image\/","url":"https:\/\/vivirosa.com\/wp-content\/uploads\/2025\/02\/vivirosa-logo.png","contentUrl":"https:\/\/vivirosa.com\/wp-content\/uploads\/2025\/02\/vivirosa-logo.png","width":1200,"height":240,"caption":"Vivirosa"},"image":{"@id":"https:\/\/vivirosa.com\/fr\/#\/schema\/logo\/image\/"},"sameAs":["https:\/\/www.facebook.com\/profile.php?id=61561901322800"]}]}},"_links":{"self":[{"href":"https:\/\/vivirosa.com\/es\/wp-json\/wp\/v2\/properties\/78019","targetHints":{"allow":["GET"]}}],"collection":[{"href":"https:\/\/vivirosa.com\/es\/wp-json\/wp\/v2\/properties"}],"about":[{"href":"https:\/\/vivirosa.com\/es\/wp-json\/wp\/v2\/types\/property"}],"author":[{"embeddable":true,"href":"https:\/\/vivirosa.com\/es\/wp-json\/wp\/v2\/users\/9"}],"version-history":[{"count":1,"href":"https:\/\/vivirosa.com\/es\/wp-json\/wp\/v2\/properties\/78019\/revisions"}],"predecessor-version":[{"id":80097,"href":"https:\/\/vivirosa.com\/es\/wp-json\/wp\/v2\/properties\/78019\/revisions\/80097"}],"wp:featuredmedia":[{"embeddable":true,"href":"https:\/\/vivirosa.com\/es\/wp-json\/wp\/v2\/media\/78021"}],"wp:attachment":[{"href":"https:\/\/vivirosa.com\/es\/wp-json\/wp\/v2\/media?parent=78019"}],"wp:term":[{"taxonomy":"property_type","embeddable":true,"href":"https:\/\/vivirosa.com\/es\/wp-json\/wp\/v2\/property_type?post=78019"},{"taxonomy":"property_status","embeddable":true,"href":"https:\/\/vivirosa.com\/es\/wp-json\/wp\/v2\/property_status?post=78019"},{"taxonomy":"property_feature","embeddable":true,"href":"https:\/\/vivirosa.com\/es\/wp-json\/wp\/v2\/property_feature?post=78019"},{"taxonomy":"property_label","embeddable":true,"href":"https:\/\/vivirosa.com\/es\/wp-json\/wp\/v2\/property_label?post=78019"},{"taxonomy":"property_country","embeddable":true,"href":"https:\/\/vivirosa.com\/es\/wp-json\/wp\/v2\/property_country?post=78019"},{"taxonomy":"property_state","embeddable":true,"href":"https:\/\/vivirosa.com\/es\/wp-json\/wp\/v2\/property_state?post=78019"},{"taxonomy":"property_city","embeddable":true,"href":"https:\/\/vivirosa.com\/es\/wp-json\/wp\/v2\/property_city?post=78019"},{"taxonomy":"property_area","embeddable":true,"href":"https:\/\/vivirosa.com\/es\/wp-json\/wp\/v2\/property_area?post=78019"}],"curies":[{"name":"wp","href":"https:\/\/api.w.org\/{rel}","templated":true}]}}