{"id":37227,"date":"2025-03-30T02:29:39","date_gmt":"2025-03-30T08:29:39","guid":{"rendered":"https:\/\/vivirosa.com\/property\/plaza-alfaro-uvita-prime-commercial-building-in-the-center-of-uvita"},"modified":"2025-07-01T13:57:42","modified_gmt":"2025-07-01T19:57:42","slug":"plaza-alfaro-uvita-prime-commercial-building-in-the-center-of-uvita","status":"publish","type":"property","link":"https:\/\/vivirosa.com\/fr\/property\/plaza-alfaro-uvita-prime-commercial-building-in-the-center-of-uvita","title":{"rendered":"Plaza Alfaro, Uvita - Immeuble commercial de premier ordre au centre d'Uvita"},"content":{"rendered":"<p>Bienvenue \u00e0 Plaza Alfaro, un immeuble commercial r\u00e9cemment construit \u00e0 l&#039;architecture moderne, id\u00e9alement situ\u00e9 \u00e0 proximit\u00e9 de la route c\u00f4ti\u00e8re, au c\u0153ur du centre commercial d&#039;Uvita. Ce bien exceptionnel offre une opportunit\u00e9 de g\u00e9n\u00e9rer des revenus imm\u00e9diats, car tous les logements sont actuellement occup\u00e9s par des locataires fiables.<\/p>\n<p>Caract\u00e9ristiques principales :<\/p>\n<p>Date d&#039;ach\u00e8vement : Nouvellement termin\u00e9 fin 2023.<\/p>\n<p>Superficie totale : 460 m\u00b2 environ, soigneusement con\u00e7ue sur deux niveaux.<\/p>\n<p>Espaces locatifs : Cinq unit\u00e9s locatives, trois au rez-de-chauss\u00e9e et deux au deuxi\u00e8me \u00e9tage, id\u00e9ales pour diverses op\u00e9rations commerciales.<\/p>\n<p>Accessibilit\u00e9 : L&#039;acc\u00e8s \u00e0 l&#039;\u00e9tage sup\u00e9rieur se fait par deux escaliers \u00e0 l&#039;avant et \u00e0 l&#039;arri\u00e8re, ainsi que par un petit ascenseur pour plus de commodit\u00e9.<\/p>\n<p>Stationnement : Un grand stationnement est disponible devant l&#039;immeuble, assurant un acc\u00e8s facile tant pour les locataires que pour les clients.<\/p>\n<p>Cette propri\u00e9t\u00e9 remarquable offre une opportunit\u00e9 d&#039;investissement unique \u00e0 un prix comp\u00e9titif. Les biens de ce calibre dans un emplacement aussi recherch\u00e9 sont rares\u00a0; n&#039;h\u00e9sitez pas \u00e0 investir sans tarder \u00e0 Plaza Alfaro. Pour plus d&#039;informations ou pour organiser une visite, contactez-nous d\u00e8s aujourd&#039;hui\u00a0!<\/p>","protected":false},"excerpt":{"rendered":"<p>Welcome to Plaza Alfaro, a newly completed commercial building featuring modern architecture, perfectly situated off the Coastal Highway in the heart of Uvita\u2019s commercial center. This exceptional property presents an instant income-generating opportunity, as all units are currently occupied by reliable tenants. Key Features: Completion Date: Newly finished at the end of 2023. Total Area: [&hellip;]<\/p>\n","protected":false},"author":11,"featured_media":37256,"parent":0,"menu_order":0,"template":"","property_type":[346],"property_status":[30],"property_feature":[],"property_label":[],"property_country":[65],"property_state":[339],"property_city":[464],"property_area":[18,39],"class_list":["post-37227","property","type-property","status-publish","has-post-thumbnail","hentry","property_type-commercial","property_status-for-sale","property_country-costa-rica","property_state-puntarenas","property_city-osa","property_area-bahia-ballena","property_area-uvita"],"property_meta":{"fave_property_size":["460"],"fave_property_land":["614"],"fave_property_location":["9.171338259610982,-83.73788217567139"],"fave_currency":["USD"],"houzez_geolocation_lat":["9.171338259610982"],"houzez_geolocation_long":["-83.73788217567139"],"fave_currency_info":[""],"fave_property_price":["950000"],"fave_property_bathrooms":["3"],"fave_property_map":["1"],"fave_property_id":["37227"],"fave_property_address":["Uvita, Bah\u00eda Ballena, Osa, Puntarenas, Costa Rica"],"fave_property_country":["Costa Rica"],"fave_featured":["0"],"houzez_featured_listing_date":["2025-03-30T02:29:39.160Z"],"fave_agent_display_option":["agent_info"],"fave_prop_homeslider":["no"],"floor_plans":["a:0:{}"],"fave_multi_units":["a:0:{}"],"additional_features":["a:0:{}"],"fave_agents":["80153"],"fave_property_agency":["19339"],"fave_property_map_address":[""],"fave_realtor_property_id":["C21"],"fave_citytown":["Osa"],"fave_realtor_name":["LIBRELISTING"],"_wp_page_template":["default"],"fave_property_images":["37256","37244","37255","37259","37261","37239","37246","37245","37260","37238","37257","37258","37262","37240","37265","37247","37248","37263","37241","37242","37243","37264","37233","37234","37235","37236","37237","37249","37250","37251","37252","37253","37254","37228","37229","37230","37231","37232"],"_thumbnail_id":["37256"],"houzez_total_property_views":["2997"],"houzez_views_by_date":["a:61:{s:10:\"02-24-2026\";i:10;s:10:\"02-25-2026\";i:8;s:10:\"02-26-2026\";i:10;s:10:\"02-27-2026\";i:12;s:10:\"02-28-2026\";i:12;s:10:\"03-01-2026\";i:6;s:10:\"03-02-2026\";i:12;s:10:\"03-03-2026\";i:12;s:10:\"03-04-2026\";i:8;s:10:\"03-05-2026\";i:6;s:10:\"03-06-2026\";i:6;s:10:\"03-07-2026\";i:6;s:10:\"03-08-2026\";i:4;s:10:\"03-09-2026\";i:8;s:10:\"03-10-2026\";i:6;s:10:\"03-11-2026\";i:9;s:10:\"03-12-2026\";i:12;s:10:\"03-13-2026\";i:12;s:10:\"03-14-2026\";i:4;s:10:\"03-17-2026\";i:2;s:10:\"03-18-2026\";i:6;s:10:\"03-19-2026\";i:9;s:10:\"03-20-2026\";i:9;s:10:\"03-21-2026\";i:1;s:10:\"03-23-2026\";i:2;s:10:\"03-24-2026\";i:8;s:10:\"03-25-2026\";i:7;s:10:\"03-26-2026\";i:6;s:10:\"03-27-2026\";i:3;s:10:\"03-28-2026\";i:5;s:10:\"03-30-2026\";i:4;s:10:\"03-31-2026\";i:10;s:10:\"04-01-2026\";i:7;s:10:\"04-02-2026\";i:8;s:10:\"04-03-2026\";i:11;s:10:\"04-04-2026\";i:5;s:10:\"04-05-2026\";i:1;s:10:\"04-06-2026\";i:4;s:10:\"04-07-2026\";i:3;s:10:\"04-08-2026\";i:8;s:10:\"04-09-2026\";i:4;s:10:\"04-10-2026\";i:7;s:10:\"04-11-2026\";i:4;s:10:\"04-12-2026\";i:2;s:10:\"04-13-2026\";i:4;s:10:\"04-14-2026\";i:7;s:10:\"04-15-2026\";i:7;s:10:\"04-16-2026\";i:7;s:10:\"04-17-2026\";i:11;s:10:\"04-18-2026\";i:5;s:10:\"04-19-2026\";i:5;s:10:\"04-20-2026\";i:8;s:10:\"04-21-2026\";i:8;s:10:\"04-22-2026\";i:7;s:10:\"04-23-2026\";i:4;s:10:\"04-24-2026\";i:19;s:10:\"04-25-2026\";i:13;s:10:\"04-26-2026\";i:6;s:10:\"04-27-2026\";i:2;s:10:\"04-28-2026\";i:4;s:10:\"04-29-2026\";i:6;}"],"houzez_recently_viewed":["2026-04-29 02:14:30"],"_elementor_page_assets":["a:0:{}"]},"yoast_head":"<!-- This site is optimized with the Yoast SEO plugin v27.5 - https:\/\/yoast.com\/product\/yoast-seo-wordpress\/ -->\n<title>Plaza Alfaro, Uvita \u2013 Prime Commercial Building in the center of Uvita - Vivirosa<\/title>\n<meta name=\"robots\" content=\"index, follow, max-snippet:-1, max-image-preview:large, max-video-preview:-1\" \/>\n<link rel=\"canonical\" href=\"https:\/\/vivirosa.com\/fr\/property\/plaza-alfaro-uvita-prime-commercial-building-in-the-center-of-uvita\/\" \/>\n<meta property=\"og:locale\" content=\"fr_CA\" \/>\n<meta property=\"og:type\" content=\"article\" \/>\n<meta property=\"og:title\" content=\"Plaza Alfaro, Uvita \u2013 Prime Commercial Building in the center of Uvita - Vivirosa\" \/>\n<meta property=\"og:description\" content=\"Welcome to Plaza Alfaro, a newly completed commercial building featuring modern architecture, perfectly situated off the Coastal Highway in the heart of Uvita\u2019s commercial center. This exceptional property presents an instant income-generating opportunity, as all units are currently occupied by reliable tenants. Key Features: Completion Date: Newly finished at the end of 2023. Total Area: [&hellip;]\" \/>\n<meta property=\"og:url\" content=\"https:\/\/vivirosa.com\/fr\/property\/plaza-alfaro-uvita-prime-commercial-building-in-the-center-of-uvita\/\" \/>\n<meta property=\"og:site_name\" content=\"Vivirosa\" \/>\n<meta property=\"article:publisher\" content=\"https:\/\/www.facebook.com\/profile.php?id=61561901322800\" \/>\n<meta property=\"article:modified_time\" content=\"2025-07-01T19:57:42+00:00\" \/>\n<meta property=\"og:image\" content=\"https:\/\/vivirosa.com\/wp-content\/uploads\/2025\/01\/671a6ba5ed28f.jpg\" \/>\n\t<meta property=\"og:image:width\" content=\"1200\" \/>\n\t<meta property=\"og:image:height\" content=\"799\" \/>\n\t<meta property=\"og:image:type\" content=\"image\/jpeg\" \/>\n<meta name=\"twitter:card\" content=\"summary_large_image\" \/>\n<meta name=\"twitter:label1\" content=\"Estimation du temps de lecture\" \/>\n\t<meta name=\"twitter:data1\" content=\"1 minute\" \/>\n<script type=\"application\/ld+json\" class=\"yoast-schema-graph\">{\"@context\":\"https:\\\/\\\/schema.org\",\"@graph\":[{\"@type\":\"WebPage\",\"@id\":\"https:\\\/\\\/vivirosa.com\\\/property\\\/plaza-alfaro-uvita-prime-commercial-building-in-the-center-of-uvita\",\"url\":\"https:\\\/\\\/vivirosa.com\\\/property\\\/plaza-alfaro-uvita-prime-commercial-building-in-the-center-of-uvita\",\"name\":\"Plaza Alfaro, Uvita \u2013 Prime Commercial Building in the center of Uvita - Vivirosa\",\"isPartOf\":{\"@id\":\"https:\\\/\\\/vivirosa.com\\\/fr\\\/#website\"},\"primaryImageOfPage\":{\"@id\":\"https:\\\/\\\/vivirosa.com\\\/property\\\/plaza-alfaro-uvita-prime-commercial-building-in-the-center-of-uvita#primaryimage\"},\"image\":{\"@id\":\"https:\\\/\\\/vivirosa.com\\\/property\\\/plaza-alfaro-uvita-prime-commercial-building-in-the-center-of-uvita#primaryimage\"},\"thumbnailUrl\":\"https:\\\/\\\/vivirosa.com\\\/wp-content\\\/uploads\\\/2025\\\/01\\\/671a6ba5ed28f.jpg\",\"datePublished\":\"2025-03-30T08:29:39+00:00\",\"dateModified\":\"2025-07-01T19:57:42+00:00\",\"breadcrumb\":{\"@id\":\"https:\\\/\\\/vivirosa.com\\\/property\\\/plaza-alfaro-uvita-prime-commercial-building-in-the-center-of-uvita#breadcrumb\"},\"inLanguage\":\"fr-CA\",\"potentialAction\":[{\"@type\":\"ReadAction\",\"target\":[\"https:\\\/\\\/vivirosa.com\\\/property\\\/plaza-alfaro-uvita-prime-commercial-building-in-the-center-of-uvita\"]}]},{\"@type\":\"ImageObject\",\"inLanguage\":\"fr-CA\",\"@id\":\"https:\\\/\\\/vivirosa.com\\\/property\\\/plaza-alfaro-uvita-prime-commercial-building-in-the-center-of-uvita#primaryimage\",\"url\":\"https:\\\/\\\/vivirosa.com\\\/wp-content\\\/uploads\\\/2025\\\/01\\\/671a6ba5ed28f.jpg\",\"contentUrl\":\"https:\\\/\\\/vivirosa.com\\\/wp-content\\\/uploads\\\/2025\\\/01\\\/671a6ba5ed28f.jpg\",\"width\":1200,\"height\":799},{\"@type\":\"BreadcrumbList\",\"@id\":\"https:\\\/\\\/vivirosa.com\\\/property\\\/plaza-alfaro-uvita-prime-commercial-building-in-the-center-of-uvita#breadcrumb\",\"itemListElement\":[{\"@type\":\"ListItem\",\"position\":1,\"name\":\"Home\",\"item\":\"https:\\\/\\\/vivirosa.com\\\/\"},{\"@type\":\"ListItem\",\"position\":2,\"name\":\"Properties\",\"item\":\"https:\\\/\\\/vivirosa.com\\\/fr\\\/property\"},{\"@type\":\"ListItem\",\"position\":3,\"name\":\"Plaza Alfaro, Uvita \u2013 Prime Commercial Building in the center of Uvita\"}]},{\"@type\":\"WebSite\",\"@id\":\"https:\\\/\\\/vivirosa.com\\\/fr\\\/#website\",\"url\":\"https:\\\/\\\/vivirosa.com\\\/fr\\\/\",\"name\":\"Vivirosa\",\"description\":\"Costa Rica real estate made easy\",\"publisher\":{\"@id\":\"https:\\\/\\\/vivirosa.com\\\/fr\\\/#organization\"},\"potentialAction\":[{\"@type\":\"SearchAction\",\"target\":{\"@type\":\"EntryPoint\",\"urlTemplate\":\"https:\\\/\\\/vivirosa.com\\\/fr\\\/?s={search_term_string}\"},\"query-input\":{\"@type\":\"PropertyValueSpecification\",\"valueRequired\":true,\"valueName\":\"search_term_string\"}}],\"inLanguage\":\"fr-CA\"},{\"@type\":\"Organization\",\"@id\":\"https:\\\/\\\/vivirosa.com\\\/fr\\\/#organization\",\"name\":\"Vivirosa\",\"url\":\"https:\\\/\\\/vivirosa.com\\\/fr\\\/\",\"logo\":{\"@type\":\"ImageObject\",\"inLanguage\":\"fr-CA\",\"@id\":\"https:\\\/\\\/vivirosa.com\\\/fr\\\/#\\\/schema\\\/logo\\\/image\\\/\",\"url\":\"https:\\\/\\\/vivirosa.com\\\/wp-content\\\/uploads\\\/2025\\\/02\\\/vivirosa-logo.png\",\"contentUrl\":\"https:\\\/\\\/vivirosa.com\\\/wp-content\\\/uploads\\\/2025\\\/02\\\/vivirosa-logo.png\",\"width\":1200,\"height\":240,\"caption\":\"Vivirosa\"},\"image\":{\"@id\":\"https:\\\/\\\/vivirosa.com\\\/fr\\\/#\\\/schema\\\/logo\\\/image\\\/\"},\"sameAs\":[\"https:\\\/\\\/www.facebook.com\\\/profile.php?id=61561901322800\"]}]}<\/script>\n<!-- \/ Yoast SEO plugin. -->","yoast_head_json":{"title":"Plaza Alfaro, Uvita \u2013 Prime Commercial Building in the center of Uvita - Vivirosa","robots":{"index":"index","follow":"follow","max-snippet":"max-snippet:-1","max-image-preview":"max-image-preview:large","max-video-preview":"max-video-preview:-1"},"canonical":"https:\/\/vivirosa.com\/fr\/property\/plaza-alfaro-uvita-prime-commercial-building-in-the-center-of-uvita\/","og_locale":"fr_CA","og_type":"article","og_title":"Plaza Alfaro, Uvita \u2013 Prime Commercial Building in the center of Uvita - Vivirosa","og_description":"Welcome to Plaza Alfaro, a newly completed commercial building featuring modern architecture, perfectly situated off the Coastal Highway in the heart of Uvita\u2019s commercial center. This exceptional property presents an instant income-generating opportunity, as all units are currently occupied by reliable tenants. Key Features: Completion Date: Newly finished at the end of 2023. Total Area: [&hellip;]","og_url":"https:\/\/vivirosa.com\/fr\/property\/plaza-alfaro-uvita-prime-commercial-building-in-the-center-of-uvita\/","og_site_name":"Vivirosa","article_publisher":"https:\/\/www.facebook.com\/profile.php?id=61561901322800","article_modified_time":"2025-07-01T19:57:42+00:00","og_image":[{"width":1200,"height":799,"url":"https:\/\/vivirosa.com\/wp-content\/uploads\/2025\/01\/671a6ba5ed28f.jpg","type":"image\/jpeg"}],"twitter_card":"summary_large_image","twitter_misc":{"Estimation du temps de lecture":"1 minute"},"schema":{"@context":"https:\/\/schema.org","@graph":[{"@type":"WebPage","@id":"https:\/\/vivirosa.com\/property\/plaza-alfaro-uvita-prime-commercial-building-in-the-center-of-uvita","url":"https:\/\/vivirosa.com\/property\/plaza-alfaro-uvita-prime-commercial-building-in-the-center-of-uvita","name":"Plaza Alfaro, Uvita \u2013 Prime Commercial Building in the center of Uvita - Vivirosa","isPartOf":{"@id":"https:\/\/vivirosa.com\/fr\/#website"},"primaryImageOfPage":{"@id":"https:\/\/vivirosa.com\/property\/plaza-alfaro-uvita-prime-commercial-building-in-the-center-of-uvita#primaryimage"},"image":{"@id":"https:\/\/vivirosa.com\/property\/plaza-alfaro-uvita-prime-commercial-building-in-the-center-of-uvita#primaryimage"},"thumbnailUrl":"https:\/\/vivirosa.com\/wp-content\/uploads\/2025\/01\/671a6ba5ed28f.jpg","datePublished":"2025-03-30T08:29:39+00:00","dateModified":"2025-07-01T19:57:42+00:00","breadcrumb":{"@id":"https:\/\/vivirosa.com\/property\/plaza-alfaro-uvita-prime-commercial-building-in-the-center-of-uvita#breadcrumb"},"inLanguage":"fr-CA","potentialAction":[{"@type":"ReadAction","target":["https:\/\/vivirosa.com\/property\/plaza-alfaro-uvita-prime-commercial-building-in-the-center-of-uvita"]}]},{"@type":"ImageObject","inLanguage":"fr-CA","@id":"https:\/\/vivirosa.com\/property\/plaza-alfaro-uvita-prime-commercial-building-in-the-center-of-uvita#primaryimage","url":"https:\/\/vivirosa.com\/wp-content\/uploads\/2025\/01\/671a6ba5ed28f.jpg","contentUrl":"https:\/\/vivirosa.com\/wp-content\/uploads\/2025\/01\/671a6ba5ed28f.jpg","width":1200,"height":799},{"@type":"BreadcrumbList","@id":"https:\/\/vivirosa.com\/property\/plaza-alfaro-uvita-prime-commercial-building-in-the-center-of-uvita#breadcrumb","itemListElement":[{"@type":"ListItem","position":1,"name":"Home","item":"https:\/\/vivirosa.com\/"},{"@type":"ListItem","position":2,"name":"Properties","item":"https:\/\/vivirosa.com\/fr\/property"},{"@type":"ListItem","position":3,"name":"Plaza Alfaro, Uvita \u2013 Prime Commercial Building in the center of Uvita"}]},{"@type":"WebSite","@id":"https:\/\/vivirosa.com\/fr\/#website","url":"https:\/\/vivirosa.com\/fr\/","name":"Vivirosa","description":"L&#039;immobilier au Costa Rica simplifi\u00e9","publisher":{"@id":"https:\/\/vivirosa.com\/fr\/#organization"},"potentialAction":[{"@type":"SearchAction","target":{"@type":"EntryPoint","urlTemplate":"https:\/\/vivirosa.com\/fr\/?s={search_term_string}"},"query-input":{"@type":"PropertyValueSpecification","valueRequired":true,"valueName":"search_term_string"}}],"inLanguage":"fr-CA"},{"@type":"Organization","@id":"https:\/\/vivirosa.com\/fr\/#organization","name":"Vivirosa","url":"https:\/\/vivirosa.com\/fr\/","logo":{"@type":"ImageObject","inLanguage":"fr-CA","@id":"https:\/\/vivirosa.com\/fr\/#\/schema\/logo\/image\/","url":"https:\/\/vivirosa.com\/wp-content\/uploads\/2025\/02\/vivirosa-logo.png","contentUrl":"https:\/\/vivirosa.com\/wp-content\/uploads\/2025\/02\/vivirosa-logo.png","width":1200,"height":240,"caption":"Vivirosa"},"image":{"@id":"https:\/\/vivirosa.com\/fr\/#\/schema\/logo\/image\/"},"sameAs":["https:\/\/www.facebook.com\/profile.php?id=61561901322800"]}]}},"_links":{"self":[{"href":"https:\/\/vivirosa.com\/fr\/wp-json\/wp\/v2\/properties\/37227","targetHints":{"allow":["GET"]}}],"collection":[{"href":"https:\/\/vivirosa.com\/fr\/wp-json\/wp\/v2\/properties"}],"about":[{"href":"https:\/\/vivirosa.com\/fr\/wp-json\/wp\/v2\/types\/property"}],"author":[{"embeddable":true,"href":"https:\/\/vivirosa.com\/fr\/wp-json\/wp\/v2\/users\/11"}],"version-history":[{"count":1,"href":"https:\/\/vivirosa.com\/fr\/wp-json\/wp\/v2\/properties\/37227\/revisions"}],"predecessor-version":[{"id":53934,"href":"https:\/\/vivirosa.com\/fr\/wp-json\/wp\/v2\/properties\/37227\/revisions\/53934"}],"wp:featuredmedia":[{"embeddable":true,"href":"https:\/\/vivirosa.com\/fr\/wp-json\/wp\/v2\/media\/37256"}],"wp:attachment":[{"href":"https:\/\/vivirosa.com\/fr\/wp-json\/wp\/v2\/media?parent=37227"}],"wp:term":[{"taxonomy":"property_type","embeddable":true,"href":"https:\/\/vivirosa.com\/fr\/wp-json\/wp\/v2\/property_type?post=37227"},{"taxonomy":"property_status","embeddable":true,"href":"https:\/\/vivirosa.com\/fr\/wp-json\/wp\/v2\/property_status?post=37227"},{"taxonomy":"property_feature","embeddable":true,"href":"https:\/\/vivirosa.com\/fr\/wp-json\/wp\/v2\/property_feature?post=37227"},{"taxonomy":"property_label","embeddable":true,"href":"https:\/\/vivirosa.com\/fr\/wp-json\/wp\/v2\/property_label?post=37227"},{"taxonomy":"property_country","embeddable":true,"href":"https:\/\/vivirosa.com\/fr\/wp-json\/wp\/v2\/property_country?post=37227"},{"taxonomy":"property_state","embeddable":true,"href":"https:\/\/vivirosa.com\/fr\/wp-json\/wp\/v2\/property_state?post=37227"},{"taxonomy":"property_city","embeddable":true,"href":"https:\/\/vivirosa.com\/fr\/wp-json\/wp\/v2\/property_city?post=37227"},{"taxonomy":"property_area","embeddable":true,"href":"https:\/\/vivirosa.com\/fr\/wp-json\/wp\/v2\/property_area?post=37227"}],"curies":[{"name":"wp","href":"https:\/\/api.w.org\/{rel}","templated":true}]}}