{"id":77886,"date":"2025-04-23T14:32:49","date_gmt":"2025-04-23T20:32:49","guid":{"rendered":"https:\/\/vivirosa.com\/property\/finca-atemporal-en-las-montanas-de-escaleras-vistas-al-mar-privacidad-y-naturaleza-protegida"},"modified":"2025-10-06T12:35:58","modified_gmt":"2025-10-06T18:35:58","slug":"finca-atemporal-en-las-montanas-de-escaleras-vistas-al-mar-privacidad-y-naturaleza-protegida","status":"publish","type":"property","link":"https:\/\/vivirosa.com\/fr\/property\/finca-atemporal-en-las-montanas-de-escaleras-vistas-al-mar-privacidad-y-naturaleza-protegida","title":{"rendered":"Finca atemporale dans les montagnes de Escaleras: vues sur la mer, confidentialit\u00e9 et protection naturelle"},"content":{"rendered":"<p>Perch\u00e9 \u00e0 275 m\u00e8tres d&#039;altitude surplombant la scintillante c\u00f4te Pacifique de Dominical, au Costa Rica, ce domaine unique en son genre offre une occasion rare de poss\u00e9der une propri\u00e9t\u00e9 patrimoniale dans le tr\u00e8s pris\u00e9 versant montagneux d&#039;Escaleras. Nich\u00e9 sur pr\u00e8s de deux hectares de for\u00eat luxuriante, autrefois p\u00e2turage, le terrain a \u00e9t\u00e9 transform\u00e9 avec amour en deux d\u00e9cennies en un sanctuaire priv\u00e9 pour les habitants et la faune. Des arbres fruitiers matures, des esp\u00e8ces indig\u00e8nes plant\u00e9es \u00e0 la main et des cr\u00eates prot\u00e9g\u00e9es offrent un niveau de tranquillit\u00e9 et d&#039;intimit\u00e9 de plus en plus rare.<\/p>\n<p>D\u00e8s l&#039;arriv\u00e9e, on ressent un design intemporel et un lien profond avec la nature. La maison a \u00e9t\u00e9 soigneusement plac\u00e9e pour offrir une vue imprenable sur l&#039;oc\u00e9an et la jungle environnante, et chaque pi\u00e8ce donne sur le Pacifique, o\u00f9 les baleines sont souvent visibles et o\u00f9 les couchers de soleil colorent le ciel presque tous les soirs de l&#039;ann\u00e9e.<\/p>\n<p>La maison principale pr\u00e9sente un am\u00e9nagement ouvert avec de multiples sorties donnant sur la terrasse et la piscine \u00e0 d\u00e9bordement de 12,5 m\u00e8tres. La cuisine, v\u00e9ritable r\u00eave de chef, est dot\u00e9e d&#039;armoires sur mesure fabriqu\u00e9es \u00e0 la main, de plans de travail en porcelaine et d&#039;une harmonie parfaite avec le salon et la salle \u00e0 manger, tous agr\u00e9ment\u00e9s de magnifiques parquets en bois local et en terre cuite. Les hauts plafonds et les lignes \u00e9pur\u00e9es \u00e9voquent une esth\u00e9tique moderne du milieu du si\u00e8cle, adoucie par la chaleur du bois et la v\u00e9g\u00e9tation luxuriante de l&#039;ext\u00e9rieur.<\/p>\n<p>La suite principale de 46 m\u00b2 est un v\u00e9ritable havre de paix, avec terrasse priv\u00e9e, baignoire avec vue sur l&#039;oc\u00e9an, dressing et un grand coin salon. Comme tous les espaces nuit de la propri\u00e9t\u00e9, la chambre principale et la chambre d&#039;amis sont dot\u00e9es de fen\u00eatres sur trois c\u00f4t\u00e9s, permettant une excellente brise, un sommeil paisible et le doux bruit des vagues au loin.<\/p>\n<p>Les espaces suppl\u00e9mentaires comprennent une grande chambre d&#039;amis, une buanderie\/garde-manger spacieuse avec rangement et un syst\u00e8me de batterie de secours pour assurer une alimentation ininterrompue aux syst\u00e8mes essentiels, et des espaces de vie ext\u00e9rieurs soigneusement con\u00e7us pour le soleil et l&#039;ombre tout au long de la journ\u00e9e.<\/p>\n<p>Un court chemin m\u00e8ne \u00e0 une maison d&#039;h\u00f4tes enti\u00e8rement ind\u00e9pendante, nich\u00e9e au c\u0153ur d&#039;arbres centenaires. Dot\u00e9e d&#039;une terrasse avec vue sur l&#039;oc\u00e9an, d&#039;une cuisine \u00e9quip\u00e9e, d&#039;une salle de bain et de grandes fen\u00eatres offrant un cadre parfait sur l&#039;horizon et la for\u00eat, c&#039;est un lieu privil\u00e9gi\u00e9 pour profiter \u00e0 la fois de la convivialit\u00e9 et de l&#039;intimit\u00e9 pendant votre s\u00e9jour.<\/p>\n<p>Ce qui distingue v\u00e9ritablement cette propri\u00e9t\u00e9, outre son savoir-faire artisanal et sa beaut\u00e9 naturelle, c&#039;est la valeur durable de son emplacement. Escaleras a connu une croissance r\u00e9fl\u00e9chie ces derni\u00e8res ann\u00e9es, mais la longue all\u00e9e priv\u00e9e et le cadre prot\u00e9g\u00e9 de ce domaine garantissent votre tranquillit\u00e9, votre intimit\u00e9 et votre investissement. Des propri\u00e9t\u00e9s comme celle-ci ne se construisent tout simplement plus.<\/p>\n<p>Si vous recherchez une maison offrant une vue sur l&#039;oc\u00e9an, un design intemporel, une intimit\u00e9 profonde et un lien vivant avec l&#039;incroyable monde naturel du Costa Rica, ce domaine est vraiment quelque chose de sp\u00e9cial.<\/p>\n<p>*La maison est enti\u00e8rement meubl\u00e9e et comprend les appareils \u00e9lectrom\u00e9nagers. Son prix est exceptionnel\u00a0: seulement 1\u00a0TP4T1\u00a0250\u00a0000<br \/>\n(BZ-BR)<\/p>","protected":false},"excerpt":{"rendered":"<p>Perched at 900 feet above the sparkling Pacific coastline of Dominical, Costa Rica, this one-of-a-kind estate is a rare opportunity to own a legacy property in the highly sought-after mountainside of Escaleras. Set on nearly five acres of lush forest that was once open pasture, the land has been lovingly transformed over two decades into [&hellip;]<\/p>\n","protected":false},"author":9,"featured_media":77893,"parent":0,"menu_order":0,"template":"","property_type":[56],"property_status":[30],"property_feature":[],"property_label":[],"property_country":[65],"property_state":[339],"property_city":[],"property_area":[452,18,433],"class_list":["post-77886","property","type-property","status-publish","has-post-thumbnail","hentry","property_type-home","property_status-for-sale","property_country-costa-rica","property_state-puntarenas","property_area-bahia","property_area-bahia-ballena","property_area-hatillo-matapalo"],"property_meta":{"fave_property_land":["300"],"fave_property_location":["9.228611,-83.822181"],"fave_currency":["USD"],"houzez_geolocation_lat":["9.228611"],"houzez_geolocation_long":["-83.822181"],"fave_currency_info":[""],"fave_property_price":["1250000"],"fave_property_bedrooms":["3"],"fave_property_bathrooms":["3"],"fave_property_map":["1"],"fave_property_id":["77886"],"fave_property_address":["Savegre, Quepos, Puntarenas, Costa Rica"],"fave_property_country":["Costa Rica"],"fave_featured":["0"],"houzez_featured_listing_date":["2025-04-23T14:32:49.974Z"],"fave_agent_display_option":["author_info"],"fave_prop_homeslider":["no"],"floor_plans":["a:0:{}"],"fave_multi_units":["a:0:{}"],"additional_features":["a:0:{}"],"fave_agents":["80153"],"fave_property_agency":["19339"],"fave_property_map_address":[""],"fave_realtor_property_id":["C21"],"fave_citytown":["Quepos"],"fave_realtor_name":["LIBRELISTING"],"_wp_page_template":["default"],"fave_property_images":["77893","77905","77912","77943","77944","77947","77939","77889","77902","77909","77910","77930","77911","77888","77907","77988","77971","77908","77959","77969","77974","77989","77913","77929","77946","77973","77975","77931","77940","77960","77942","77906","77970","77941","77945","77894","77887","77891","77895","77896","77897","77898","77899","77914","77915","77916","77917","77932","77934","77935","77948","77949","77950","77956","77957","77962","77963","77964","77965","77966","77972","77976","77977","77983","77984","77990","77933","77900","77901","77936","77937","77938","77958","77961","77968","77967","77985","77986","77987","77890","77892","77903","77904","77918","77919","77920","77921","77922","77923","77924","77925","77926","77927","77928","77951","77952","77953","77954","77955","77978","77979","77980","77981","77982","77991","77992","77993","77994","77995","77996","77997","77998"],"_thumbnail_id":["77893"],"houzez_total_property_views":["1499"],"houzez_views_by_date":["a:61:{s:10:\"01-21-2026\";i:12;s:10:\"01-22-2026\";i:12;s:10:\"01-23-2026\";i:6;s:10:\"01-24-2026\";i:6;s:10:\"01-25-2026\";i:12;s:10:\"01-26-2026\";i:6;s:10:\"01-27-2026\";i:12;s:10:\"01-28-2026\";i:12;s:10:\"01-29-2026\";i:6;s:10:\"01-30-2026\";i:12;s:10:\"01-31-2026\";i:12;s:10:\"02-01-2026\";i:6;s:10:\"02-24-2026\";i:6;s:10:\"02-25-2026\";i:12;s:10:\"02-26-2026\";i:10;s:10:\"02-27-2026\";i:8;s:10:\"02-28-2026\";i:6;s:10:\"03-01-2026\";i:12;s:10:\"03-02-2026\";i:6;s:10:\"03-03-2026\";i:8;s:10:\"03-04-2026\";i:6;s:10:\"03-05-2026\";i:6;s:10:\"03-06-2026\";i:6;s:10:\"03-07-2026\";i:6;s:10:\"03-08-2026\";i:6;s:10:\"03-10-2026\";i:6;s:10:\"03-11-2026\";i:6;s:10:\"03-12-2026\";i:6;s:10:\"03-13-2026\";i:6;s:10:\"03-14-2026\";i:7;s:10:\"03-15-2026\";i:2;s:10:\"03-17-2026\";i:1;s:10:\"03-18-2026\";i:7;s:10:\"03-19-2026\";i:7;s:10:\"03-21-2026\";i:6;s:10:\"03-24-2026\";i:6;s:10:\"03-25-2026\";i:7;s:10:\"03-26-2026\";i:6;s:10:\"03-28-2026\";i:6;s:10:\"03-30-2026\";i:1;s:10:\"03-31-2026\";i:6;s:10:\"04-01-2026\";i:7;s:10:\"04-02-2026\";i:6;s:10:\"04-03-2026\";i:6;s:10:\"04-04-2026\";i:7;s:10:\"04-05-2026\";i:4;s:10:\"04-06-2026\";i:2;s:10:\"04-09-2026\";i:6;s:10:\"04-11-2026\";i:6;s:10:\"04-14-2026\";i:6;s:10:\"04-15-2026\";i:6;s:10:\"04-16-2026\";i:6;s:10:\"04-17-2026\";i:6;s:10:\"04-18-2026\";i:6;s:10:\"04-20-2026\";i:8;s:10:\"04-21-2026\";i:8;s:10:\"04-22-2026\";i:6;s:10:\"04-24-2026\";i:6;s:10:\"04-25-2026\";i:9;s:10:\"04-26-2026\";i:1;s:10:\"04-27-2026\";i:1;}"],"houzez_recently_viewed":["2026-04-27 06:29:04"],"_elementor_page_assets":["a:0:{}"]},"yoast_head":"<!-- This site is optimized with the Yoast SEO plugin v27.4 - https:\/\/yoast.com\/product\/yoast-seo-wordpress\/ -->\n<title>Finca atemporal en las monta\u00f1as de Escaleras: vistas al mar, privacidad y naturaleza protegida - Vivirosa<\/title>\n<meta name=\"robots\" content=\"index, follow, max-snippet:-1, max-image-preview:large, max-video-preview:-1\" \/>\n<link rel=\"canonical\" href=\"https:\/\/vivirosa.com\/fr\/property\/finca-atemporal-en-las-montanas-de-escaleras-vistas-al-mar-privacidad-y-naturaleza-protegida\/\" \/>\n<meta property=\"og:locale\" content=\"fr_CA\" \/>\n<meta property=\"og:type\" content=\"article\" \/>\n<meta property=\"og:title\" content=\"Finca atemporal en las monta\u00f1as de Escaleras: vistas al mar, privacidad y naturaleza protegida - Vivirosa\" \/>\n<meta property=\"og:description\" content=\"Perched at 900 feet above the sparkling Pacific coastline of Dominical, Costa Rica, this one-of-a-kind estate is a rare opportunity to own a legacy property in the highly sought-after mountainside of Escaleras. Set on nearly five acres of lush forest that was once open pasture, the land has been lovingly transformed over two decades into [&hellip;]\" \/>\n<meta property=\"og:url\" content=\"https:\/\/vivirosa.com\/fr\/property\/finca-atemporal-en-las-montanas-de-escaleras-vistas-al-mar-privacidad-y-naturaleza-protegida\/\" \/>\n<meta property=\"og:site_name\" content=\"Vivirosa\" \/>\n<meta property=\"article:publisher\" content=\"https:\/\/www.facebook.com\/profile.php?id=61561901322800\" \/>\n<meta property=\"article:modified_time\" content=\"2025-10-06T18:35:58+00:00\" \/>\n<meta property=\"og:image\" content=\"https:\/\/vivirosa.com\/wp-content\/uploads\/2025\/04\/680698b859c7b.jpg\" \/>\n\t<meta property=\"og:image:width\" content=\"1200\" \/>\n\t<meta property=\"og:image:height\" content=\"900\" \/>\n\t<meta property=\"og:image:type\" content=\"image\/jpeg\" \/>\n<meta name=\"twitter:card\" content=\"summary_large_image\" \/>\n<meta name=\"twitter:label1\" content=\"Estimation du temps de lecture\" \/>\n\t<meta name=\"twitter:data1\" content=\"2 minutes\" \/>\n<script type=\"application\/ld+json\" class=\"yoast-schema-graph\">{\"@context\":\"https:\\\/\\\/schema.org\",\"@graph\":[{\"@type\":\"WebPage\",\"@id\":\"https:\\\/\\\/vivirosa.com\\\/property\\\/finca-atemporal-en-las-montanas-de-escaleras-vistas-al-mar-privacidad-y-naturaleza-protegida\",\"url\":\"https:\\\/\\\/vivirosa.com\\\/property\\\/finca-atemporal-en-las-montanas-de-escaleras-vistas-al-mar-privacidad-y-naturaleza-protegida\",\"name\":\"Finca atemporal en las monta\u00f1as de Escaleras: vistas al mar, privacidad y naturaleza protegida - Vivirosa\",\"isPartOf\":{\"@id\":\"https:\\\/\\\/vivirosa.com\\\/fr\\\/#website\"},\"primaryImageOfPage\":{\"@id\":\"https:\\\/\\\/vivirosa.com\\\/property\\\/finca-atemporal-en-las-montanas-de-escaleras-vistas-al-mar-privacidad-y-naturaleza-protegida#primaryimage\"},\"image\":{\"@id\":\"https:\\\/\\\/vivirosa.com\\\/property\\\/finca-atemporal-en-las-montanas-de-escaleras-vistas-al-mar-privacidad-y-naturaleza-protegida#primaryimage\"},\"thumbnailUrl\":\"https:\\\/\\\/vivirosa.com\\\/wp-content\\\/uploads\\\/2025\\\/04\\\/680698b859c7b.jpg\",\"datePublished\":\"2025-04-23T20:32:49+00:00\",\"dateModified\":\"2025-10-06T18:35:58+00:00\",\"breadcrumb\":{\"@id\":\"https:\\\/\\\/vivirosa.com\\\/property\\\/finca-atemporal-en-las-montanas-de-escaleras-vistas-al-mar-privacidad-y-naturaleza-protegida#breadcrumb\"},\"inLanguage\":\"fr-CA\",\"potentialAction\":[{\"@type\":\"ReadAction\",\"target\":[\"https:\\\/\\\/vivirosa.com\\\/property\\\/finca-atemporal-en-las-montanas-de-escaleras-vistas-al-mar-privacidad-y-naturaleza-protegida\"]}]},{\"@type\":\"ImageObject\",\"inLanguage\":\"fr-CA\",\"@id\":\"https:\\\/\\\/vivirosa.com\\\/property\\\/finca-atemporal-en-las-montanas-de-escaleras-vistas-al-mar-privacidad-y-naturaleza-protegida#primaryimage\",\"url\":\"https:\\\/\\\/vivirosa.com\\\/wp-content\\\/uploads\\\/2025\\\/04\\\/680698b859c7b.jpg\",\"contentUrl\":\"https:\\\/\\\/vivirosa.com\\\/wp-content\\\/uploads\\\/2025\\\/04\\\/680698b859c7b.jpg\",\"width\":1200,\"height\":900},{\"@type\":\"BreadcrumbList\",\"@id\":\"https:\\\/\\\/vivirosa.com\\\/property\\\/finca-atemporal-en-las-montanas-de-escaleras-vistas-al-mar-privacidad-y-naturaleza-protegida#breadcrumb\",\"itemListElement\":[{\"@type\":\"ListItem\",\"position\":1,\"name\":\"Home\",\"item\":\"https:\\\/\\\/vivirosa.com\\\/\"},{\"@type\":\"ListItem\",\"position\":2,\"name\":\"Properties\",\"item\":\"https:\\\/\\\/vivirosa.com\\\/fr\\\/property\"},{\"@type\":\"ListItem\",\"position\":3,\"name\":\"Finca atemporal en las monta\u00f1as de Escaleras: vistas al mar, privacidad y naturaleza protegida\"}]},{\"@type\":\"WebSite\",\"@id\":\"https:\\\/\\\/vivirosa.com\\\/fr\\\/#website\",\"url\":\"https:\\\/\\\/vivirosa.com\\\/fr\\\/\",\"name\":\"Vivirosa\",\"description\":\"Costa Rica real estate made easy\",\"publisher\":{\"@id\":\"https:\\\/\\\/vivirosa.com\\\/fr\\\/#organization\"},\"potentialAction\":[{\"@type\":\"SearchAction\",\"target\":{\"@type\":\"EntryPoint\",\"urlTemplate\":\"https:\\\/\\\/vivirosa.com\\\/fr\\\/?s={search_term_string}\"},\"query-input\":{\"@type\":\"PropertyValueSpecification\",\"valueRequired\":true,\"valueName\":\"search_term_string\"}}],\"inLanguage\":\"fr-CA\"},{\"@type\":\"Organization\",\"@id\":\"https:\\\/\\\/vivirosa.com\\\/fr\\\/#organization\",\"name\":\"Vivirosa\",\"url\":\"https:\\\/\\\/vivirosa.com\\\/fr\\\/\",\"logo\":{\"@type\":\"ImageObject\",\"inLanguage\":\"fr-CA\",\"@id\":\"https:\\\/\\\/vivirosa.com\\\/fr\\\/#\\\/schema\\\/logo\\\/image\\\/\",\"url\":\"https:\\\/\\\/vivirosa.com\\\/wp-content\\\/uploads\\\/2025\\\/02\\\/vivirosa-logo.png\",\"contentUrl\":\"https:\\\/\\\/vivirosa.com\\\/wp-content\\\/uploads\\\/2025\\\/02\\\/vivirosa-logo.png\",\"width\":1200,\"height\":240,\"caption\":\"Vivirosa\"},\"image\":{\"@id\":\"https:\\\/\\\/vivirosa.com\\\/fr\\\/#\\\/schema\\\/logo\\\/image\\\/\"},\"sameAs\":[\"https:\\\/\\\/www.facebook.com\\\/profile.php?id=61561901322800\"]}]}<\/script>\n<!-- \/ Yoast SEO plugin. -->","yoast_head_json":{"title":"Finca atemporal en las monta\u00f1as de Escaleras: vistas al mar, privacidad y naturaleza protegida - Vivirosa","robots":{"index":"index","follow":"follow","max-snippet":"max-snippet:-1","max-image-preview":"max-image-preview:large","max-video-preview":"max-video-preview:-1"},"canonical":"https:\/\/vivirosa.com\/fr\/property\/finca-atemporal-en-las-montanas-de-escaleras-vistas-al-mar-privacidad-y-naturaleza-protegida\/","og_locale":"fr_CA","og_type":"article","og_title":"Finca atemporal en las monta\u00f1as de Escaleras: vistas al mar, privacidad y naturaleza protegida - Vivirosa","og_description":"Perched at 900 feet above the sparkling Pacific coastline of Dominical, Costa Rica, this one-of-a-kind estate is a rare opportunity to own a legacy property in the highly sought-after mountainside of Escaleras. Set on nearly five acres of lush forest that was once open pasture, the land has been lovingly transformed over two decades into [&hellip;]","og_url":"https:\/\/vivirosa.com\/fr\/property\/finca-atemporal-en-las-montanas-de-escaleras-vistas-al-mar-privacidad-y-naturaleza-protegida\/","og_site_name":"Vivirosa","article_publisher":"https:\/\/www.facebook.com\/profile.php?id=61561901322800","article_modified_time":"2025-10-06T18:35:58+00:00","og_image":[{"width":1200,"height":900,"url":"https:\/\/vivirosa.com\/wp-content\/uploads\/2025\/04\/680698b859c7b.jpg","type":"image\/jpeg"}],"twitter_card":"summary_large_image","twitter_misc":{"Estimation du temps de lecture":"2 minutes"},"schema":{"@context":"https:\/\/schema.org","@graph":[{"@type":"WebPage","@id":"https:\/\/vivirosa.com\/property\/finca-atemporal-en-las-montanas-de-escaleras-vistas-al-mar-privacidad-y-naturaleza-protegida","url":"https:\/\/vivirosa.com\/property\/finca-atemporal-en-las-montanas-de-escaleras-vistas-al-mar-privacidad-y-naturaleza-protegida","name":"Finca atemporal en las monta\u00f1as de Escaleras: vistas al mar, privacidad y naturaleza protegida - Vivirosa","isPartOf":{"@id":"https:\/\/vivirosa.com\/fr\/#website"},"primaryImageOfPage":{"@id":"https:\/\/vivirosa.com\/property\/finca-atemporal-en-las-montanas-de-escaleras-vistas-al-mar-privacidad-y-naturaleza-protegida#primaryimage"},"image":{"@id":"https:\/\/vivirosa.com\/property\/finca-atemporal-en-las-montanas-de-escaleras-vistas-al-mar-privacidad-y-naturaleza-protegida#primaryimage"},"thumbnailUrl":"https:\/\/vivirosa.com\/wp-content\/uploads\/2025\/04\/680698b859c7b.jpg","datePublished":"2025-04-23T20:32:49+00:00","dateModified":"2025-10-06T18:35:58+00:00","breadcrumb":{"@id":"https:\/\/vivirosa.com\/property\/finca-atemporal-en-las-montanas-de-escaleras-vistas-al-mar-privacidad-y-naturaleza-protegida#breadcrumb"},"inLanguage":"fr-CA","potentialAction":[{"@type":"ReadAction","target":["https:\/\/vivirosa.com\/property\/finca-atemporal-en-las-montanas-de-escaleras-vistas-al-mar-privacidad-y-naturaleza-protegida"]}]},{"@type":"ImageObject","inLanguage":"fr-CA","@id":"https:\/\/vivirosa.com\/property\/finca-atemporal-en-las-montanas-de-escaleras-vistas-al-mar-privacidad-y-naturaleza-protegida#primaryimage","url":"https:\/\/vivirosa.com\/wp-content\/uploads\/2025\/04\/680698b859c7b.jpg","contentUrl":"https:\/\/vivirosa.com\/wp-content\/uploads\/2025\/04\/680698b859c7b.jpg","width":1200,"height":900},{"@type":"BreadcrumbList","@id":"https:\/\/vivirosa.com\/property\/finca-atemporal-en-las-montanas-de-escaleras-vistas-al-mar-privacidad-y-naturaleza-protegida#breadcrumb","itemListElement":[{"@type":"ListItem","position":1,"name":"Home","item":"https:\/\/vivirosa.com\/"},{"@type":"ListItem","position":2,"name":"Properties","item":"https:\/\/vivirosa.com\/fr\/property"},{"@type":"ListItem","position":3,"name":"Finca atemporal en las monta\u00f1as de Escaleras: vistas al mar, privacidad y naturaleza protegida"}]},{"@type":"WebSite","@id":"https:\/\/vivirosa.com\/fr\/#website","url":"https:\/\/vivirosa.com\/fr\/","name":"Vivirosa","description":"L&#039;immobilier au Costa Rica simplifi\u00e9","publisher":{"@id":"https:\/\/vivirosa.com\/fr\/#organization"},"potentialAction":[{"@type":"SearchAction","target":{"@type":"EntryPoint","urlTemplate":"https:\/\/vivirosa.com\/fr\/?s={search_term_string}"},"query-input":{"@type":"PropertyValueSpecification","valueRequired":true,"valueName":"search_term_string"}}],"inLanguage":"fr-CA"},{"@type":"Organization","@id":"https:\/\/vivirosa.com\/fr\/#organization","name":"Vivirosa","url":"https:\/\/vivirosa.com\/fr\/","logo":{"@type":"ImageObject","inLanguage":"fr-CA","@id":"https:\/\/vivirosa.com\/fr\/#\/schema\/logo\/image\/","url":"https:\/\/vivirosa.com\/wp-content\/uploads\/2025\/02\/vivirosa-logo.png","contentUrl":"https:\/\/vivirosa.com\/wp-content\/uploads\/2025\/02\/vivirosa-logo.png","width":1200,"height":240,"caption":"Vivirosa"},"image":{"@id":"https:\/\/vivirosa.com\/fr\/#\/schema\/logo\/image\/"},"sameAs":["https:\/\/www.facebook.com\/profile.php?id=61561901322800"]}]}},"_links":{"self":[{"href":"https:\/\/vivirosa.com\/fr\/wp-json\/wp\/v2\/properties\/77886","targetHints":{"allow":["GET"]}}],"collection":[{"href":"https:\/\/vivirosa.com\/fr\/wp-json\/wp\/v2\/properties"}],"about":[{"href":"https:\/\/vivirosa.com\/fr\/wp-json\/wp\/v2\/types\/property"}],"author":[{"embeddable":true,"href":"https:\/\/vivirosa.com\/fr\/wp-json\/wp\/v2\/users\/9"}],"version-history":[{"count":1,"href":"https:\/\/vivirosa.com\/fr\/wp-json\/wp\/v2\/properties\/77886\/revisions"}],"predecessor-version":[{"id":80095,"href":"https:\/\/vivirosa.com\/fr\/wp-json\/wp\/v2\/properties\/77886\/revisions\/80095"}],"wp:featuredmedia":[{"embeddable":true,"href":"https:\/\/vivirosa.com\/fr\/wp-json\/wp\/v2\/media\/77893"}],"wp:attachment":[{"href":"https:\/\/vivirosa.com\/fr\/wp-json\/wp\/v2\/media?parent=77886"}],"wp:term":[{"taxonomy":"property_type","embeddable":true,"href":"https:\/\/vivirosa.com\/fr\/wp-json\/wp\/v2\/property_type?post=77886"},{"taxonomy":"property_status","embeddable":true,"href":"https:\/\/vivirosa.com\/fr\/wp-json\/wp\/v2\/property_status?post=77886"},{"taxonomy":"property_feature","embeddable":true,"href":"https:\/\/vivirosa.com\/fr\/wp-json\/wp\/v2\/property_feature?post=77886"},{"taxonomy":"property_label","embeddable":true,"href":"https:\/\/vivirosa.com\/fr\/wp-json\/wp\/v2\/property_label?post=77886"},{"taxonomy":"property_country","embeddable":true,"href":"https:\/\/vivirosa.com\/fr\/wp-json\/wp\/v2\/property_country?post=77886"},{"taxonomy":"property_state","embeddable":true,"href":"https:\/\/vivirosa.com\/fr\/wp-json\/wp\/v2\/property_state?post=77886"},{"taxonomy":"property_city","embeddable":true,"href":"https:\/\/vivirosa.com\/fr\/wp-json\/wp\/v2\/property_city?post=77886"},{"taxonomy":"property_area","embeddable":true,"href":"https:\/\/vivirosa.com\/fr\/wp-json\/wp\/v2\/property_area?post=77886"}],"curies":[{"name":"wp","href":"https:\/\/api.w.org\/{rel}","templated":true}]}}