{"id":94144,"date":"2025-09-17T00:01:46","date_gmt":"2025-09-17T06:01:46","guid":{"rendered":"https:\/\/vivirosa.com\/property\/expansive-27-acre-farm-with-residence-in-san-isidro-del-general"},"modified":"2026-03-04T10:11:50","modified_gmt":"2026-03-04T16:11:50","slug":"expansive-27-acre-farm-with-residence-in-san-isidro-del-general","status":"publish","type":"property","link":"https:\/\/vivirosa.com\/fr\/property\/expansive-27-acre-farm-with-residence-in-san-isidro-del-general","title":{"rendered":"Vaste ferme de 27 acres avec r\u00e9sidence \u00e0 San Isidro del General"},"content":{"rendered":"<p>D\u00e9couvrez l&#039;alliance parfaite entre tranquillit\u00e9 et confort avec cette magnifique ferme de 11 hectares situ\u00e9e dans la pittoresque ville de San Isidro del General, au Costa Rica. Perch\u00e9e \u00e0 1\u00a0145 m\u00e8tres d&#039;altitude, cette propri\u00e9t\u00e9 offre une vue spectaculaire sur la ville et un climat id\u00e9al. Le domaine comprend une luxueuse r\u00e9sidence de 3 chambres, 2 salles de bain et une salle d&#039;eau avec piscine et jacuzzi, id\u00e9ale pour ceux qui recherchent d\u00e9tente et nature.<\/p>\n<p>Caract\u00e9ristiques principales<br \/>\nAltitude : Profitez du climat frais et rafra\u00eechissant \u00e0 3 750 pieds au-dessus du niveau de la mer, offrant des vues spectaculaires sur la ville et un environnement de vie confortable.<\/p>\n<p>Bord de rivi\u00e8re : La propri\u00e9t\u00e9 b\u00e9n\u00e9ficie d&#039;un magnifique acc\u00e8s au bord de la rivi\u00e8re sur le Rio Quebradas, offrant un cadre serein et des possibilit\u00e9s de p\u00eache ou simplement de profiter de la nature.<\/p>\n<p>Acc\u00e8s \u00e0 l&#039;autoroute : Id\u00e9alement situ\u00e9 avec un acc\u00e8s frontal \u00e0 l&#039;autoroute panam\u00e9ricaine, assurant des d\u00e9placements et une connectivit\u00e9 faciles.<\/p>\n<p>Verger fruitier : La ferme comprend un verger fruitier florissant, offrant une vari\u00e9t\u00e9 de produits frais juste \u00e0 votre porte.<\/p>\n<p>Espace d&#039;agrandissement : Avec un espace suffisant et aucune restriction de construction, il y a beaucoup de place pour agrandir ou d\u00e9velopper des structures suppl\u00e9mentaires.<\/p>\n<p>Ascenseur handicap\u00e9 : La r\u00e9sidence est \u00e9quip\u00e9e d&#039;un ascenseur handicap\u00e9, assurant l&#039;accessibilit\u00e9 \u00e0 tous.<\/p>\n<p>Pr\u00eat \u00e0 emm\u00e9nager : Cette propri\u00e9t\u00e9 est pr\u00eate \u00e0 emm\u00e9nager imm\u00e9diatement, vendue avec les appareils \u00e9lectrom\u00e9nagers inclus, vous permettant de commencer \u00e0 profiter de votre nouvelle maison sans d\u00e9lai.<\/p>\n<p>Cette propri\u00e9t\u00e9 unique allie le meilleur de la vie rurale et urbaine. Son vaste terrain offre une intimit\u00e9 et d&#039;innombrables possibilit\u00e9s d&#039;agriculture et de d\u00e9veloppement, tandis que la r\u00e9sidence offre un confort moderne et une construction solide. Que vous souhaitiez cr\u00e9er une for\u00eat nourrici\u00e8re, un domaine familial ou un centre de retraite, cette ferme de San Isidro del General est une perle rare et pr\u00e9cieuse.<\/p>\n<p>San Isidro del General Costa Rica<br \/>\nSan Isidro del General, situ\u00e9e dans la zone sud du Costa Rica, est une ville dynamique r\u00e9put\u00e9e pour ses paysages pittoresques et son accueil chaleureux. Nich\u00e9e dans la fertile Valle del General, \u00e0 environ 760 m\u00e8tres d&#039;altitude, elle b\u00e9n\u00e9ficie d&#039;un climat agr\u00e9able toute l&#039;ann\u00e9e. Centre agricole incontournable, elle est entour\u00e9e de plantations de caf\u00e9 luxuriantes, de vergers et de montagnes verdoyantes.<\/p>\n<p>Plus grande ville de la r\u00e9gion, San Isidro del General offre de nombreux services, notamment des \u00e9tablissements de sant\u00e9 modernes, des \u00e9coles, des centres commerciaux et une vari\u00e9t\u00e9 de restaurants. Son march\u00e9 fermier hebdomadaire anim\u00e9, l&#039;un des plus importants du pays, attire habitants et visiteurs avec ses produits frais, ses produits artisanaux et son artisanat traditionnel.<\/p>\n<p>La r\u00e9gion est \u00e9galement un point de d\u00e9part id\u00e9al pour d\u00e9couvrir de nombreuses attractions naturelles, comme le magnifique parc national de Chirrip\u00f3, qui abrite le plus haut sommet du Costa Rica, et les magnifiques cascades de Nauyaca. Alliant commodit\u00e9 urbaine et charme rural, San Isidro del General est le point de d\u00e9part id\u00e9al pour explorer la beaut\u00e9 naturelle et la richesse culturelle de la zone sud du Costa Rica.<br \/>\n(CRRES-CS)<\/p>","protected":false},"excerpt":{"rendered":"<p>Discover the ultimate blend of tranquility and convenience with this breathtaking 27-acre farm located in the picturesque San Isidro del General, Costa Rica. Positioned at 3,750 feet above sea level, this property offers spectacular views of the city and a perfect climate. The estate features a luxurious 3 bedroom, 2.5 bath residence complete with a [&hellip;]<\/p>\n","protected":false},"author":9,"featured_media":94145,"parent":0,"menu_order":0,"template":"","property_type":[56],"property_status":[30],"property_feature":[],"property_label":[],"property_country":[65],"property_state":[340],"property_city":[],"property_area":[452,18],"class_list":["post-94144","property","type-property","status-publish","has-post-thumbnail","hentry","property_type-home","property_status-for-sale","property_country-costa-rica","property_state-san-jose","property_area-bahia","property_area-bahia-ballena"],"property_meta":{"fave_property_size":["241"],"fave_property_land":["109265"],"fave_property_location":["9.377730,-83.704048"],"fave_currency":["USD"],"houzez_geolocation_lat":["9.377730"],"houzez_geolocation_long":["-83.704048"],"fave_currency_info":[""],"fave_property_price":["499000"],"fave_property_bedrooms":["3"],"fave_property_bathrooms":["2"],"fave_property_map":["1"],"fave_property_id":["94144"],"fave_property_address":["San Isidro del General, P\u00e9rez Zeled\u00f3n, San Jos\u00e9, Costa Rica"],"fave_property_country":["Costa Rica"],"fave_featured":["0"],"houzez_featured_listing_date":["2025-09-17T00:01:46.474Z"],"fave_agent_display_option":["author_info"],"fave_prop_homeslider":["no"],"floor_plans":["a:0:{}"],"fave_multi_units":["a:0:{}"],"additional_features":["a:0:{}"],"fave_agents":["80153"],"fave_property_agency":["19339"],"fave_property_map_address":[""],"fave_realtor_property_id":["C21"],"fave_citytown":["P\u00e9rez Zeled\u00f3n"],"fave_realtor_name":["LIBRELISTING"],"_wp_page_template":["default"],"fave_property_images":["94145","94146","94147","94149","94150","94153","94154","94157","94159","94161","94162","94163","94165","94166","94167","94169","94170","94151","94155","94173","94164","94174","94175","94176","94177","94178","94179","94180","94181","94184","94185","94186","94187","94188","94189","94191","94193","94195","94196","94197","94198","94199","94200","94201","94202","94203","94204","94205","94171","94148","94152","94156","94158","94160","94168","94172","94182","94183","94190","94192","94194"],"_thumbnail_id":["94145"],"houzez_total_property_views":["206"],"houzez_views_by_date":["a:38:{s:10:\"03-06-2026\";i:5;s:10:\"03-07-2026\";i:1;s:10:\"03-09-2026\";i:6;s:10:\"03-10-2026\";i:6;s:10:\"03-11-2026\";i:6;s:10:\"03-12-2026\";i:7;s:10:\"03-13-2026\";i:3;s:10:\"03-14-2026\";i:8;s:10:\"03-15-2026\";i:2;s:10:\"03-18-2026\";i:6;s:10:\"03-19-2026\";i:6;s:10:\"03-20-2026\";i:1;s:10:\"03-21-2026\";i:6;s:10:\"03-25-2026\";i:5;s:10:\"03-26-2026\";i:7;s:10:\"03-27-2026\";i:1;s:10:\"03-28-2026\";i:7;s:10:\"03-31-2026\";i:6;s:10:\"04-01-2026\";i:8;s:10:\"04-02-2026\";i:6;s:10:\"04-03-2026\";i:3;s:10:\"04-04-2026\";i:6;s:10:\"04-08-2026\";i:1;s:10:\"04-09-2026\";i:6;s:10:\"04-10-2026\";i:1;s:10:\"04-11-2026\";i:6;s:10:\"04-14-2026\";i:7;s:10:\"04-15-2026\";i:5;s:10:\"04-16-2026\";i:7;s:10:\"04-17-2026\";i:6;s:10:\"04-18-2026\";i:8;s:10:\"04-20-2026\";i:6;s:10:\"04-21-2026\";i:7;s:10:\"04-22-2026\";i:6;s:10:\"04-24-2026\";i:11;s:10:\"04-25-2026\";i:14;s:10:\"04-27-2026\";i:1;s:10:\"04-28-2026\";i:2;}"],"houzez_recently_viewed":["2026-04-28 06:16:12"],"_elementor_page_assets":["a:0:{}"]},"yoast_head":"<!-- This site is optimized with the Yoast SEO plugin v27.4 - https:\/\/yoast.com\/product\/yoast-seo-wordpress\/ -->\n<title>Expansive 27 Acre Farm with Residence in San Isidro del General - Vivirosa<\/title>\n<meta name=\"robots\" content=\"index, follow, max-snippet:-1, max-image-preview:large, max-video-preview:-1\" \/>\n<link rel=\"canonical\" href=\"https:\/\/vivirosa.com\/fr\/property\/expansive-27-acre-farm-with-residence-in-san-isidro-del-general\/\" \/>\n<meta property=\"og:locale\" content=\"fr_CA\" \/>\n<meta property=\"og:type\" content=\"article\" \/>\n<meta property=\"og:title\" content=\"Expansive 27 Acre Farm with Residence in San Isidro del General - Vivirosa\" \/>\n<meta property=\"og:description\" content=\"Discover the ultimate blend of tranquility and convenience with this breathtaking 27-acre farm located in the picturesque San Isidro del General, Costa Rica. Positioned at 3,750 feet above sea level, this property offers spectacular views of the city and a perfect climate. The estate features a luxurious 3 bedroom, 2.5 bath residence complete with a [&hellip;]\" \/>\n<meta property=\"og:url\" content=\"https:\/\/vivirosa.com\/fr\/property\/expansive-27-acre-farm-with-residence-in-san-isidro-del-general\/\" \/>\n<meta property=\"og:site_name\" content=\"Vivirosa\" \/>\n<meta property=\"article:publisher\" content=\"https:\/\/www.facebook.com\/profile.php?id=61561901322800\" \/>\n<meta property=\"article:modified_time\" content=\"2026-03-04T16:11:50+00:00\" \/>\n<meta property=\"og:image\" content=\"https:\/\/vivirosa.com\/wp-content\/uploads\/2025\/09\/68c98f2c8a7fe.jpg\" \/>\n\t<meta property=\"og:image:width\" content=\"980\" \/>\n\t<meta property=\"og:image:height\" content=\"551\" \/>\n\t<meta property=\"og:image:type\" content=\"image\/jpeg\" \/>\n<meta name=\"twitter:card\" content=\"summary_large_image\" \/>\n<meta name=\"twitter:label1\" content=\"Estimation du temps de lecture\" \/>\n\t<meta name=\"twitter:data1\" content=\"2 minutes\" \/>\n<script type=\"application\/ld+json\" class=\"yoast-schema-graph\">{\"@context\":\"https:\\\/\\\/schema.org\",\"@graph\":[{\"@type\":\"WebPage\",\"@id\":\"https:\\\/\\\/vivirosa.com\\\/property\\\/expansive-27-acre-farm-with-residence-in-san-isidro-del-general\",\"url\":\"https:\\\/\\\/vivirosa.com\\\/property\\\/expansive-27-acre-farm-with-residence-in-san-isidro-del-general\",\"name\":\"Expansive 27 Acre Farm with Residence in San Isidro del General - Vivirosa\",\"isPartOf\":{\"@id\":\"https:\\\/\\\/vivirosa.com\\\/fr\\\/#website\"},\"primaryImageOfPage\":{\"@id\":\"https:\\\/\\\/vivirosa.com\\\/property\\\/expansive-27-acre-farm-with-residence-in-san-isidro-del-general#primaryimage\"},\"image\":{\"@id\":\"https:\\\/\\\/vivirosa.com\\\/property\\\/expansive-27-acre-farm-with-residence-in-san-isidro-del-general#primaryimage\"},\"thumbnailUrl\":\"https:\\\/\\\/vivirosa.com\\\/wp-content\\\/uploads\\\/2025\\\/09\\\/68c98f2c8a7fe.jpg\",\"datePublished\":\"2025-09-17T06:01:46+00:00\",\"dateModified\":\"2026-03-04T16:11:50+00:00\",\"breadcrumb\":{\"@id\":\"https:\\\/\\\/vivirosa.com\\\/property\\\/expansive-27-acre-farm-with-residence-in-san-isidro-del-general#breadcrumb\"},\"inLanguage\":\"fr-CA\",\"potentialAction\":[{\"@type\":\"ReadAction\",\"target\":[\"https:\\\/\\\/vivirosa.com\\\/property\\\/expansive-27-acre-farm-with-residence-in-san-isidro-del-general\"]}]},{\"@type\":\"ImageObject\",\"inLanguage\":\"fr-CA\",\"@id\":\"https:\\\/\\\/vivirosa.com\\\/property\\\/expansive-27-acre-farm-with-residence-in-san-isidro-del-general#primaryimage\",\"url\":\"https:\\\/\\\/vivirosa.com\\\/wp-content\\\/uploads\\\/2025\\\/09\\\/68c98f2c8a7fe.jpg\",\"contentUrl\":\"https:\\\/\\\/vivirosa.com\\\/wp-content\\\/uploads\\\/2025\\\/09\\\/68c98f2c8a7fe.jpg\",\"width\":980,\"height\":551},{\"@type\":\"BreadcrumbList\",\"@id\":\"https:\\\/\\\/vivirosa.com\\\/property\\\/expansive-27-acre-farm-with-residence-in-san-isidro-del-general#breadcrumb\",\"itemListElement\":[{\"@type\":\"ListItem\",\"position\":1,\"name\":\"Home\",\"item\":\"https:\\\/\\\/vivirosa.com\\\/\"},{\"@type\":\"ListItem\",\"position\":2,\"name\":\"Properties\",\"item\":\"https:\\\/\\\/vivirosa.com\\\/fr\\\/property\"},{\"@type\":\"ListItem\",\"position\":3,\"name\":\"Expansive 27 Acre Farm with Residence in San Isidro del General\"}]},{\"@type\":\"WebSite\",\"@id\":\"https:\\\/\\\/vivirosa.com\\\/fr\\\/#website\",\"url\":\"https:\\\/\\\/vivirosa.com\\\/fr\\\/\",\"name\":\"Vivirosa\",\"description\":\"Costa Rica real estate made easy\",\"publisher\":{\"@id\":\"https:\\\/\\\/vivirosa.com\\\/fr\\\/#organization\"},\"potentialAction\":[{\"@type\":\"SearchAction\",\"target\":{\"@type\":\"EntryPoint\",\"urlTemplate\":\"https:\\\/\\\/vivirosa.com\\\/fr\\\/?s={search_term_string}\"},\"query-input\":{\"@type\":\"PropertyValueSpecification\",\"valueRequired\":true,\"valueName\":\"search_term_string\"}}],\"inLanguage\":\"fr-CA\"},{\"@type\":\"Organization\",\"@id\":\"https:\\\/\\\/vivirosa.com\\\/fr\\\/#organization\",\"name\":\"Vivirosa\",\"url\":\"https:\\\/\\\/vivirosa.com\\\/fr\\\/\",\"logo\":{\"@type\":\"ImageObject\",\"inLanguage\":\"fr-CA\",\"@id\":\"https:\\\/\\\/vivirosa.com\\\/fr\\\/#\\\/schema\\\/logo\\\/image\\\/\",\"url\":\"https:\\\/\\\/vivirosa.com\\\/wp-content\\\/uploads\\\/2025\\\/02\\\/vivirosa-logo.png\",\"contentUrl\":\"https:\\\/\\\/vivirosa.com\\\/wp-content\\\/uploads\\\/2025\\\/02\\\/vivirosa-logo.png\",\"width\":1200,\"height\":240,\"caption\":\"Vivirosa\"},\"image\":{\"@id\":\"https:\\\/\\\/vivirosa.com\\\/fr\\\/#\\\/schema\\\/logo\\\/image\\\/\"},\"sameAs\":[\"https:\\\/\\\/www.facebook.com\\\/profile.php?id=61561901322800\"]}]}<\/script>\n<!-- \/ Yoast SEO plugin. -->","yoast_head_json":{"title":"Expansive 27 Acre Farm with Residence in San Isidro del General - Vivirosa","robots":{"index":"index","follow":"follow","max-snippet":"max-snippet:-1","max-image-preview":"max-image-preview:large","max-video-preview":"max-video-preview:-1"},"canonical":"https:\/\/vivirosa.com\/fr\/property\/expansive-27-acre-farm-with-residence-in-san-isidro-del-general\/","og_locale":"fr_CA","og_type":"article","og_title":"Expansive 27 Acre Farm with Residence in San Isidro del General - Vivirosa","og_description":"Discover the ultimate blend of tranquility and convenience with this breathtaking 27-acre farm located in the picturesque San Isidro del General, Costa Rica. Positioned at 3,750 feet above sea level, this property offers spectacular views of the city and a perfect climate. The estate features a luxurious 3 bedroom, 2.5 bath residence complete with a [&hellip;]","og_url":"https:\/\/vivirosa.com\/fr\/property\/expansive-27-acre-farm-with-residence-in-san-isidro-del-general\/","og_site_name":"Vivirosa","article_publisher":"https:\/\/www.facebook.com\/profile.php?id=61561901322800","article_modified_time":"2026-03-04T16:11:50+00:00","og_image":[{"width":980,"height":551,"url":"https:\/\/vivirosa.com\/wp-content\/uploads\/2025\/09\/68c98f2c8a7fe.jpg","type":"image\/jpeg"}],"twitter_card":"summary_large_image","twitter_misc":{"Estimation du temps de lecture":"2 minutes"},"schema":{"@context":"https:\/\/schema.org","@graph":[{"@type":"WebPage","@id":"https:\/\/vivirosa.com\/property\/expansive-27-acre-farm-with-residence-in-san-isidro-del-general","url":"https:\/\/vivirosa.com\/property\/expansive-27-acre-farm-with-residence-in-san-isidro-del-general","name":"Expansive 27 Acre Farm with Residence in San Isidro del General - Vivirosa","isPartOf":{"@id":"https:\/\/vivirosa.com\/fr\/#website"},"primaryImageOfPage":{"@id":"https:\/\/vivirosa.com\/property\/expansive-27-acre-farm-with-residence-in-san-isidro-del-general#primaryimage"},"image":{"@id":"https:\/\/vivirosa.com\/property\/expansive-27-acre-farm-with-residence-in-san-isidro-del-general#primaryimage"},"thumbnailUrl":"https:\/\/vivirosa.com\/wp-content\/uploads\/2025\/09\/68c98f2c8a7fe.jpg","datePublished":"2025-09-17T06:01:46+00:00","dateModified":"2026-03-04T16:11:50+00:00","breadcrumb":{"@id":"https:\/\/vivirosa.com\/property\/expansive-27-acre-farm-with-residence-in-san-isidro-del-general#breadcrumb"},"inLanguage":"fr-CA","potentialAction":[{"@type":"ReadAction","target":["https:\/\/vivirosa.com\/property\/expansive-27-acre-farm-with-residence-in-san-isidro-del-general"]}]},{"@type":"ImageObject","inLanguage":"fr-CA","@id":"https:\/\/vivirosa.com\/property\/expansive-27-acre-farm-with-residence-in-san-isidro-del-general#primaryimage","url":"https:\/\/vivirosa.com\/wp-content\/uploads\/2025\/09\/68c98f2c8a7fe.jpg","contentUrl":"https:\/\/vivirosa.com\/wp-content\/uploads\/2025\/09\/68c98f2c8a7fe.jpg","width":980,"height":551},{"@type":"BreadcrumbList","@id":"https:\/\/vivirosa.com\/property\/expansive-27-acre-farm-with-residence-in-san-isidro-del-general#breadcrumb","itemListElement":[{"@type":"ListItem","position":1,"name":"Home","item":"https:\/\/vivirosa.com\/"},{"@type":"ListItem","position":2,"name":"Properties","item":"https:\/\/vivirosa.com\/fr\/property"},{"@type":"ListItem","position":3,"name":"Expansive 27 Acre Farm with Residence in San Isidro del General"}]},{"@type":"WebSite","@id":"https:\/\/vivirosa.com\/fr\/#website","url":"https:\/\/vivirosa.com\/fr\/","name":"Vivirosa","description":"L&#039;immobilier au Costa Rica simplifi\u00e9","publisher":{"@id":"https:\/\/vivirosa.com\/fr\/#organization"},"potentialAction":[{"@type":"SearchAction","target":{"@type":"EntryPoint","urlTemplate":"https:\/\/vivirosa.com\/fr\/?s={search_term_string}"},"query-input":{"@type":"PropertyValueSpecification","valueRequired":true,"valueName":"search_term_string"}}],"inLanguage":"fr-CA"},{"@type":"Organization","@id":"https:\/\/vivirosa.com\/fr\/#organization","name":"Vivirosa","url":"https:\/\/vivirosa.com\/fr\/","logo":{"@type":"ImageObject","inLanguage":"fr-CA","@id":"https:\/\/vivirosa.com\/fr\/#\/schema\/logo\/image\/","url":"https:\/\/vivirosa.com\/wp-content\/uploads\/2025\/02\/vivirosa-logo.png","contentUrl":"https:\/\/vivirosa.com\/wp-content\/uploads\/2025\/02\/vivirosa-logo.png","width":1200,"height":240,"caption":"Vivirosa"},"image":{"@id":"https:\/\/vivirosa.com\/fr\/#\/schema\/logo\/image\/"},"sameAs":["https:\/\/www.facebook.com\/profile.php?id=61561901322800"]}]}},"_links":{"self":[{"href":"https:\/\/vivirosa.com\/fr\/wp-json\/wp\/v2\/properties\/94144","targetHints":{"allow":["GET"]}}],"collection":[{"href":"https:\/\/vivirosa.com\/fr\/wp-json\/wp\/v2\/properties"}],"about":[{"href":"https:\/\/vivirosa.com\/fr\/wp-json\/wp\/v2\/types\/property"}],"author":[{"embeddable":true,"href":"https:\/\/vivirosa.com\/fr\/wp-json\/wp\/v2\/users\/9"}],"version-history":[{"count":1,"href":"https:\/\/vivirosa.com\/fr\/wp-json\/wp\/v2\/properties\/94144\/revisions"}],"predecessor-version":[{"id":95592,"href":"https:\/\/vivirosa.com\/fr\/wp-json\/wp\/v2\/properties\/94144\/revisions\/95592"}],"wp:featuredmedia":[{"embeddable":true,"href":"https:\/\/vivirosa.com\/fr\/wp-json\/wp\/v2\/media\/94145"}],"wp:attachment":[{"href":"https:\/\/vivirosa.com\/fr\/wp-json\/wp\/v2\/media?parent=94144"}],"wp:term":[{"taxonomy":"property_type","embeddable":true,"href":"https:\/\/vivirosa.com\/fr\/wp-json\/wp\/v2\/property_type?post=94144"},{"taxonomy":"property_status","embeddable":true,"href":"https:\/\/vivirosa.com\/fr\/wp-json\/wp\/v2\/property_status?post=94144"},{"taxonomy":"property_feature","embeddable":true,"href":"https:\/\/vivirosa.com\/fr\/wp-json\/wp\/v2\/property_feature?post=94144"},{"taxonomy":"property_label","embeddable":true,"href":"https:\/\/vivirosa.com\/fr\/wp-json\/wp\/v2\/property_label?post=94144"},{"taxonomy":"property_country","embeddable":true,"href":"https:\/\/vivirosa.com\/fr\/wp-json\/wp\/v2\/property_country?post=94144"},{"taxonomy":"property_state","embeddable":true,"href":"https:\/\/vivirosa.com\/fr\/wp-json\/wp\/v2\/property_state?post=94144"},{"taxonomy":"property_city","embeddable":true,"href":"https:\/\/vivirosa.com\/fr\/wp-json\/wp\/v2\/property_city?post=94144"},{"taxonomy":"property_area","embeddable":true,"href":"https:\/\/vivirosa.com\/fr\/wp-json\/wp\/v2\/property_area?post=94144"}],"curies":[{"name":"wp","href":"https:\/\/api.w.org\/{rel}","templated":true}]}}