{"id":94607,"date":"2025-09-12T00:02:15","date_gmt":"2025-09-12T06:02:15","guid":{"rendered":"https:\/\/vivirosa.com\/property\/elan-ground-floor-2-bedroom-condo-with-beach-access-2"},"modified":"2026-03-04T10:14:11","modified_gmt":"2026-03-04T16:14:11","slug":"elan-ground-floor-2-bedroom-condo-with-beach-access-2","status":"publish","type":"property","link":"https:\/\/vivirosa.com\/fr\/property\/elan-ground-floor-2-bedroom-condo-with-beach-access-2","title":{"rendered":"ELAN CONDO 2 CHAMBRES AU REZ-DE-CHAUSS\u00c9E AVEC ACC\u00c8S \u00c0 LA PLAGE"},"content":{"rendered":"<p>Elan at Ballena Beach est la r\u00e9sidence de prestige en bord de mer de la r\u00e9gion, avec un acc\u00e8s direct \u00e0 la plage. \u00c0 proximit\u00e9 de toutes les commodit\u00e9s d&#039;Uvita et d&#039;Ojochal, elle b\u00e9n\u00e9ficie d&#039;un acc\u00e8s facile et s\u00e9curis\u00e9. En bordure du parc national Marino Ballena, \u00e0 Playa Ballena, vous acc\u00e9derez \u00e0 l&#039;une des \u00e9tendues de sable les plus pr\u00e9serv\u00e9es du Costa Rica. La zone bois\u00e9e de la propri\u00e9t\u00e9 abrite une faune abondante, avec des perroquets, des toucans, des singes et bien d&#039;autres animaux que vous pourrez observer quotidiennement\u00a0!<\/p>\n<p>L&#039;appartement 4E est situ\u00e9 au rez-de-chauss\u00e9e et b\u00e9n\u00e9ficie d&#039;un acc\u00e8s direct depuis la v\u00e9randa arri\u00e8re qui m\u00e8ne au sentier de la plage priv\u00e9e. L&#039;espace ouvert de la cuisine, du salon et de la salle \u00e0 manger vous accueille d\u00e8s votre arriv\u00e9e. La cuisine est \u00e9quip\u00e9e d&#039;\u00e9lectrom\u00e9nagers Bosch haut de gamme en acier inoxydable, d&#039;un grand plan de travail et d&#039;un bar \u00e0 trois tabourets. Le salon dispose d&#039;un canap\u00e9 et d&#039;un fauteuil avec syst\u00e8me audio-vid\u00e9o et t\u00e9l\u00e9vision \u00e0 \u00e9cran plat. La salle \u00e0 manger est \u00e9quip\u00e9e d&#039;une table et de quatre chaises, ainsi que d&#039;une \u00e9tag\u00e8re en bois massif. Un cabinet de toilette se trouve \u00e9galement dans le couloir et une buanderie avec lave-linge et s\u00e8che-linge superpos\u00e9s se trouve \u00e0 l&#039;entr\u00e9e. Un petit placard ext\u00e9rieur permet de ranger les chaises de plage et les jouets.<\/p>\n<p>Les deux grandes chambres disposent chacune de leur propre salle de bain compl\u00e8te et de leur dressing. La chambre principale comprend un espace bureau et une terrasse priv\u00e9e accessible par des baies vitr\u00e9es coulissantes. La salle de bain principale attenante est \u00e9galement \u00e9quip\u00e9e d&#039;une double vasque, d&#039;une robinetterie Grohe et d&#039;une douche. La chambre d&#039;amis, spacieuse, dispose d&#039;une baie vitr\u00e9e coulissante donnant acc\u00e8s \u00e0 la terrasse, partag\u00e9e avec le salon et la salle \u00e0 manger. La salle de bain est \u00e9quip\u00e9e des m\u00eames sanitaires Grohe et du m\u00eame dressing.<\/p>\n<p>Elan offre des prestations dignes d&#039;un complexe h\u00f4telier avec entr\u00e9e s\u00e9curis\u00e9e et gardien, une piscine principale sur deux niveaux, un bassin pour enfants et un jacuzzi, ainsi qu&#039;un sentier priv\u00e9 et entretenu menant \u00e0 la plage. Opportunit\u00e9 unique de devenir propri\u00e9taire de l&#039;un des seuls complexes de la r\u00e9gion avec acc\u00e8s direct \u00e0 la plage. Id\u00e9al pour une r\u00e9sidence principale ou secondaire, et un excellent potentiel de location saisonni\u00e8re\u00a0!<br \/>\n(DP.JK)<\/p>","protected":false},"excerpt":{"rendered":"<p>Elan at Ballena Beach is the premier ocean side condominium in the area with direct beach access. Close to all the amenities of Uvita and Ojochal with easy and gated access. Bordering the Marino Ballena National Park at Playa Ballena allows access to one of the most pristine stretches of sandy shoreline in all of [&hellip;]<\/p>\n","protected":false},"author":9,"featured_media":94608,"parent":0,"menu_order":0,"template":"","property_type":[56],"property_status":[30],"property_feature":[],"property_label":[],"property_country":[65],"property_state":[339],"property_city":[464],"property_area":[18,39],"class_list":["post-94607","property","type-property","status-publish","has-post-thumbnail","hentry","property_type-home","property_status-for-sale","property_country-costa-rica","property_state-puntarenas","property_city-osa","property_area-bahia-ballena","property_area-uvita"],"property_meta":{"fave_property_size":["163"],"fave_property_land":["0"],"fave_property_location":["9.114384,-83.694849"],"fave_currency":["USD"],"houzez_geolocation_lat":["9.114384"],"houzez_geolocation_long":["-83.694849"],"fave_currency_info":[""],"fave_property_price":["599000"],"fave_property_bedrooms":["2"],"fave_property_bathrooms":["2"],"fave_property_map":["1"],"fave_property_id":["94607"],"fave_property_address":["Uvita, Bah\u00eda Ballena, Osa, Puntarenas, Costa Rica"],"fave_property_country":["Costa Rica"],"fave_featured":["0"],"houzez_featured_listing_date":["2025-09-12T00:02:15.094Z"],"fave_agent_display_option":["author_info"],"fave_prop_homeslider":["no"],"floor_plans":["a:0:{}"],"fave_multi_units":["a:0:{}"],"additional_features":["a:0:{}"],"fave_agents":["80153"],"fave_property_agency":["19339"],"fave_property_map_address":[""],"fave_realtor_property_id":["C21"],"fave_citytown":["Osa"],"fave_realtor_name":["LIBRELISTING"],"_wp_page_template":["default"],"fave_property_images":["94608","94609","94610","94612","94613","94614","94615","94616","94617","94618","94619","94620","94621","94623","94624","94627","94628","94629","94630","94611","94622","94633","94634","94635","94631","94636","94637","94638","94639","94640","94641","94642","94643","94644","94645","94646","94647","94648","94649","94652","94653","94654","94655","94625","94626","94650","94651","94656","94632"],"_thumbnail_id":["94608"],"houzez_total_property_views":["186"],"houzez_views_by_date":["a:37:{s:10:\"03-05-2026\";i:2;s:10:\"03-06-2026\";i:5;s:10:\"03-08-2026\";i:1;s:10:\"03-09-2026\";i:6;s:10:\"03-10-2026\";i:6;s:10:\"03-11-2026\";i:7;s:10:\"03-12-2026\";i:3;s:10:\"03-14-2026\";i:6;s:10:\"03-17-2026\";i:1;s:10:\"03-19-2026\";i:7;s:10:\"03-20-2026\";i:1;s:10:\"03-21-2026\";i:7;s:10:\"03-25-2026\";i:7;s:10:\"03-26-2026\";i:6;s:10:\"03-28-2026\";i:6;s:10:\"03-30-2026\";i:1;s:10:\"03-31-2026\";i:7;s:10:\"04-01-2026\";i:6;s:10:\"04-02-2026\";i:8;s:10:\"04-04-2026\";i:6;s:10:\"04-05-2026\";i:1;s:10:\"04-09-2026\";i:6;s:10:\"04-10-2026\";i:1;s:10:\"04-11-2026\";i:6;s:10:\"04-13-2026\";i:1;s:10:\"04-14-2026\";i:6;s:10:\"04-15-2026\";i:6;s:10:\"04-16-2026\";i:6;s:10:\"04-17-2026\";i:6;s:10:\"04-18-2026\";i:6;s:10:\"04-20-2026\";i:7;s:10:\"04-21-2026\";i:7;s:10:\"04-22-2026\";i:7;s:10:\"04-24-2026\";i:9;s:10:\"04-25-2026\";i:7;s:10:\"04-26-2026\";i:3;s:10:\"04-27-2026\";i:1;}"],"houzez_recently_viewed":["2026-04-27 00:24:55"],"_elementor_page_assets":["a:0:{}"]},"yoast_head":"<!-- This site is optimized with the Yoast SEO plugin v27.4 - https:\/\/yoast.com\/product\/yoast-seo-wordpress\/ -->\n<title>ELAN GROUND FLOOR 2 BEDROOM CONDO WITH BEACH ACCESS - Vivirosa<\/title>\n<meta name=\"robots\" content=\"index, follow, max-snippet:-1, max-image-preview:large, max-video-preview:-1\" \/>\n<link rel=\"canonical\" href=\"https:\/\/vivirosa.com\/fr\/property\/elan-ground-floor-2-bedroom-condo-with-beach-access-2\/\" \/>\n<meta property=\"og:locale\" content=\"fr_CA\" \/>\n<meta property=\"og:type\" content=\"article\" \/>\n<meta property=\"og:title\" content=\"ELAN GROUND FLOOR 2 BEDROOM CONDO WITH BEACH ACCESS - Vivirosa\" \/>\n<meta property=\"og:description\" content=\"Elan at Ballena Beach is the premier ocean side condominium in the area with direct beach access. Close to all the amenities of Uvita and Ojochal with easy and gated access. Bordering the Marino Ballena National Park at Playa Ballena allows access to one of the most pristine stretches of sandy shoreline in all of [&hellip;]\" \/>\n<meta property=\"og:url\" content=\"https:\/\/vivirosa.com\/fr\/property\/elan-ground-floor-2-bedroom-condo-with-beach-access-2\/\" \/>\n<meta property=\"og:site_name\" content=\"Vivirosa\" \/>\n<meta property=\"article:publisher\" content=\"https:\/\/www.facebook.com\/profile.php?id=61561901322800\" \/>\n<meta property=\"article:modified_time\" content=\"2026-03-04T16:14:11+00:00\" \/>\n<meta property=\"og:image\" content=\"https:\/\/vivirosa.com\/wp-content\/uploads\/2025\/09\/68c32b4bd300d.jpg\" \/>\n\t<meta property=\"og:image:width\" content=\"1200\" \/>\n\t<meta property=\"og:image:height\" content=\"675\" \/>\n\t<meta property=\"og:image:type\" content=\"image\/jpeg\" \/>\n<meta name=\"twitter:card\" content=\"summary_large_image\" \/>\n<meta name=\"twitter:label1\" content=\"Estimation du temps de lecture\" \/>\n\t<meta name=\"twitter:data1\" content=\"2 minutes\" \/>\n<script type=\"application\/ld+json\" class=\"yoast-schema-graph\">{\"@context\":\"https:\\\/\\\/schema.org\",\"@graph\":[{\"@type\":\"WebPage\",\"@id\":\"https:\\\/\\\/vivirosa.com\\\/property\\\/elan-ground-floor-2-bedroom-condo-with-beach-access-2\",\"url\":\"https:\\\/\\\/vivirosa.com\\\/property\\\/elan-ground-floor-2-bedroom-condo-with-beach-access-2\",\"name\":\"ELAN GROUND FLOOR 2 BEDROOM CONDO WITH BEACH ACCESS - Vivirosa\",\"isPartOf\":{\"@id\":\"https:\\\/\\\/vivirosa.com\\\/fr\\\/#website\"},\"primaryImageOfPage\":{\"@id\":\"https:\\\/\\\/vivirosa.com\\\/property\\\/elan-ground-floor-2-bedroom-condo-with-beach-access-2#primaryimage\"},\"image\":{\"@id\":\"https:\\\/\\\/vivirosa.com\\\/property\\\/elan-ground-floor-2-bedroom-condo-with-beach-access-2#primaryimage\"},\"thumbnailUrl\":\"https:\\\/\\\/vivirosa.com\\\/wp-content\\\/uploads\\\/2025\\\/09\\\/68c32b4bd300d.jpg\",\"datePublished\":\"2025-09-12T06:02:15+00:00\",\"dateModified\":\"2026-03-04T16:14:11+00:00\",\"breadcrumb\":{\"@id\":\"https:\\\/\\\/vivirosa.com\\\/property\\\/elan-ground-floor-2-bedroom-condo-with-beach-access-2#breadcrumb\"},\"inLanguage\":\"fr-CA\",\"potentialAction\":[{\"@type\":\"ReadAction\",\"target\":[\"https:\\\/\\\/vivirosa.com\\\/property\\\/elan-ground-floor-2-bedroom-condo-with-beach-access-2\"]}]},{\"@type\":\"ImageObject\",\"inLanguage\":\"fr-CA\",\"@id\":\"https:\\\/\\\/vivirosa.com\\\/property\\\/elan-ground-floor-2-bedroom-condo-with-beach-access-2#primaryimage\",\"url\":\"https:\\\/\\\/vivirosa.com\\\/wp-content\\\/uploads\\\/2025\\\/09\\\/68c32b4bd300d.jpg\",\"contentUrl\":\"https:\\\/\\\/vivirosa.com\\\/wp-content\\\/uploads\\\/2025\\\/09\\\/68c32b4bd300d.jpg\",\"width\":1200,\"height\":675},{\"@type\":\"BreadcrumbList\",\"@id\":\"https:\\\/\\\/vivirosa.com\\\/property\\\/elan-ground-floor-2-bedroom-condo-with-beach-access-2#breadcrumb\",\"itemListElement\":[{\"@type\":\"ListItem\",\"position\":1,\"name\":\"Home\",\"item\":\"https:\\\/\\\/vivirosa.com\\\/\"},{\"@type\":\"ListItem\",\"position\":2,\"name\":\"Properties\",\"item\":\"https:\\\/\\\/vivirosa.com\\\/fr\\\/property\"},{\"@type\":\"ListItem\",\"position\":3,\"name\":\"ELAN GROUND FLOOR 2 BEDROOM CONDO WITH BEACH ACCESS\"}]},{\"@type\":\"WebSite\",\"@id\":\"https:\\\/\\\/vivirosa.com\\\/fr\\\/#website\",\"url\":\"https:\\\/\\\/vivirosa.com\\\/fr\\\/\",\"name\":\"Vivirosa\",\"description\":\"Costa Rica real estate made easy\",\"publisher\":{\"@id\":\"https:\\\/\\\/vivirosa.com\\\/fr\\\/#organization\"},\"potentialAction\":[{\"@type\":\"SearchAction\",\"target\":{\"@type\":\"EntryPoint\",\"urlTemplate\":\"https:\\\/\\\/vivirosa.com\\\/fr\\\/?s={search_term_string}\"},\"query-input\":{\"@type\":\"PropertyValueSpecification\",\"valueRequired\":true,\"valueName\":\"search_term_string\"}}],\"inLanguage\":\"fr-CA\"},{\"@type\":\"Organization\",\"@id\":\"https:\\\/\\\/vivirosa.com\\\/fr\\\/#organization\",\"name\":\"Vivirosa\",\"url\":\"https:\\\/\\\/vivirosa.com\\\/fr\\\/\",\"logo\":{\"@type\":\"ImageObject\",\"inLanguage\":\"fr-CA\",\"@id\":\"https:\\\/\\\/vivirosa.com\\\/fr\\\/#\\\/schema\\\/logo\\\/image\\\/\",\"url\":\"https:\\\/\\\/vivirosa.com\\\/wp-content\\\/uploads\\\/2025\\\/02\\\/vivirosa-logo.png\",\"contentUrl\":\"https:\\\/\\\/vivirosa.com\\\/wp-content\\\/uploads\\\/2025\\\/02\\\/vivirosa-logo.png\",\"width\":1200,\"height\":240,\"caption\":\"Vivirosa\"},\"image\":{\"@id\":\"https:\\\/\\\/vivirosa.com\\\/fr\\\/#\\\/schema\\\/logo\\\/image\\\/\"},\"sameAs\":[\"https:\\\/\\\/www.facebook.com\\\/profile.php?id=61561901322800\"]}]}<\/script>\n<!-- \/ Yoast SEO plugin. -->","yoast_head_json":{"title":"ELAN GROUND FLOOR 2 BEDROOM CONDO WITH BEACH ACCESS - Vivirosa","robots":{"index":"index","follow":"follow","max-snippet":"max-snippet:-1","max-image-preview":"max-image-preview:large","max-video-preview":"max-video-preview:-1"},"canonical":"https:\/\/vivirosa.com\/fr\/property\/elan-ground-floor-2-bedroom-condo-with-beach-access-2\/","og_locale":"fr_CA","og_type":"article","og_title":"ELAN GROUND FLOOR 2 BEDROOM CONDO WITH BEACH ACCESS - Vivirosa","og_description":"Elan at Ballena Beach is the premier ocean side condominium in the area with direct beach access. Close to all the amenities of Uvita and Ojochal with easy and gated access. Bordering the Marino Ballena National Park at Playa Ballena allows access to one of the most pristine stretches of sandy shoreline in all of [&hellip;]","og_url":"https:\/\/vivirosa.com\/fr\/property\/elan-ground-floor-2-bedroom-condo-with-beach-access-2\/","og_site_name":"Vivirosa","article_publisher":"https:\/\/www.facebook.com\/profile.php?id=61561901322800","article_modified_time":"2026-03-04T16:14:11+00:00","og_image":[{"width":1200,"height":675,"url":"https:\/\/vivirosa.com\/wp-content\/uploads\/2025\/09\/68c32b4bd300d.jpg","type":"image\/jpeg"}],"twitter_card":"summary_large_image","twitter_misc":{"Estimation du temps de lecture":"2 minutes"},"schema":{"@context":"https:\/\/schema.org","@graph":[{"@type":"WebPage","@id":"https:\/\/vivirosa.com\/property\/elan-ground-floor-2-bedroom-condo-with-beach-access-2","url":"https:\/\/vivirosa.com\/property\/elan-ground-floor-2-bedroom-condo-with-beach-access-2","name":"ELAN GROUND FLOOR 2 BEDROOM CONDO WITH BEACH ACCESS - Vivirosa","isPartOf":{"@id":"https:\/\/vivirosa.com\/fr\/#website"},"primaryImageOfPage":{"@id":"https:\/\/vivirosa.com\/property\/elan-ground-floor-2-bedroom-condo-with-beach-access-2#primaryimage"},"image":{"@id":"https:\/\/vivirosa.com\/property\/elan-ground-floor-2-bedroom-condo-with-beach-access-2#primaryimage"},"thumbnailUrl":"https:\/\/vivirosa.com\/wp-content\/uploads\/2025\/09\/68c32b4bd300d.jpg","datePublished":"2025-09-12T06:02:15+00:00","dateModified":"2026-03-04T16:14:11+00:00","breadcrumb":{"@id":"https:\/\/vivirosa.com\/property\/elan-ground-floor-2-bedroom-condo-with-beach-access-2#breadcrumb"},"inLanguage":"fr-CA","potentialAction":[{"@type":"ReadAction","target":["https:\/\/vivirosa.com\/property\/elan-ground-floor-2-bedroom-condo-with-beach-access-2"]}]},{"@type":"ImageObject","inLanguage":"fr-CA","@id":"https:\/\/vivirosa.com\/property\/elan-ground-floor-2-bedroom-condo-with-beach-access-2#primaryimage","url":"https:\/\/vivirosa.com\/wp-content\/uploads\/2025\/09\/68c32b4bd300d.jpg","contentUrl":"https:\/\/vivirosa.com\/wp-content\/uploads\/2025\/09\/68c32b4bd300d.jpg","width":1200,"height":675},{"@type":"BreadcrumbList","@id":"https:\/\/vivirosa.com\/property\/elan-ground-floor-2-bedroom-condo-with-beach-access-2#breadcrumb","itemListElement":[{"@type":"ListItem","position":1,"name":"Home","item":"https:\/\/vivirosa.com\/"},{"@type":"ListItem","position":2,"name":"Properties","item":"https:\/\/vivirosa.com\/fr\/property"},{"@type":"ListItem","position":3,"name":"ELAN GROUND FLOOR 2 BEDROOM CONDO WITH BEACH ACCESS"}]},{"@type":"WebSite","@id":"https:\/\/vivirosa.com\/fr\/#website","url":"https:\/\/vivirosa.com\/fr\/","name":"Vivirosa","description":"L&#039;immobilier au Costa Rica simplifi\u00e9","publisher":{"@id":"https:\/\/vivirosa.com\/fr\/#organization"},"potentialAction":[{"@type":"SearchAction","target":{"@type":"EntryPoint","urlTemplate":"https:\/\/vivirosa.com\/fr\/?s={search_term_string}"},"query-input":{"@type":"PropertyValueSpecification","valueRequired":true,"valueName":"search_term_string"}}],"inLanguage":"fr-CA"},{"@type":"Organization","@id":"https:\/\/vivirosa.com\/fr\/#organization","name":"Vivirosa","url":"https:\/\/vivirosa.com\/fr\/","logo":{"@type":"ImageObject","inLanguage":"fr-CA","@id":"https:\/\/vivirosa.com\/fr\/#\/schema\/logo\/image\/","url":"https:\/\/vivirosa.com\/wp-content\/uploads\/2025\/02\/vivirosa-logo.png","contentUrl":"https:\/\/vivirosa.com\/wp-content\/uploads\/2025\/02\/vivirosa-logo.png","width":1200,"height":240,"caption":"Vivirosa"},"image":{"@id":"https:\/\/vivirosa.com\/fr\/#\/schema\/logo\/image\/"},"sameAs":["https:\/\/www.facebook.com\/profile.php?id=61561901322800"]}]}},"_links":{"self":[{"href":"https:\/\/vivirosa.com\/fr\/wp-json\/wp\/v2\/properties\/94607","targetHints":{"allow":["GET"]}}],"collection":[{"href":"https:\/\/vivirosa.com\/fr\/wp-json\/wp\/v2\/properties"}],"about":[{"href":"https:\/\/vivirosa.com\/fr\/wp-json\/wp\/v2\/types\/property"}],"author":[{"embeddable":true,"href":"https:\/\/vivirosa.com\/fr\/wp-json\/wp\/v2\/users\/9"}],"version-history":[{"count":1,"href":"https:\/\/vivirosa.com\/fr\/wp-json\/wp\/v2\/properties\/94607\/revisions"}],"predecessor-version":[{"id":95599,"href":"https:\/\/vivirosa.com\/fr\/wp-json\/wp\/v2\/properties\/94607\/revisions\/95599"}],"wp:featuredmedia":[{"embeddable":true,"href":"https:\/\/vivirosa.com\/fr\/wp-json\/wp\/v2\/media\/94608"}],"wp:attachment":[{"href":"https:\/\/vivirosa.com\/fr\/wp-json\/wp\/v2\/media?parent=94607"}],"wp:term":[{"taxonomy":"property_type","embeddable":true,"href":"https:\/\/vivirosa.com\/fr\/wp-json\/wp\/v2\/property_type?post=94607"},{"taxonomy":"property_status","embeddable":true,"href":"https:\/\/vivirosa.com\/fr\/wp-json\/wp\/v2\/property_status?post=94607"},{"taxonomy":"property_feature","embeddable":true,"href":"https:\/\/vivirosa.com\/fr\/wp-json\/wp\/v2\/property_feature?post=94607"},{"taxonomy":"property_label","embeddable":true,"href":"https:\/\/vivirosa.com\/fr\/wp-json\/wp\/v2\/property_label?post=94607"},{"taxonomy":"property_country","embeddable":true,"href":"https:\/\/vivirosa.com\/fr\/wp-json\/wp\/v2\/property_country?post=94607"},{"taxonomy":"property_state","embeddable":true,"href":"https:\/\/vivirosa.com\/fr\/wp-json\/wp\/v2\/property_state?post=94607"},{"taxonomy":"property_city","embeddable":true,"href":"https:\/\/vivirosa.com\/fr\/wp-json\/wp\/v2\/property_city?post=94607"},{"taxonomy":"property_area","embeddable":true,"href":"https:\/\/vivirosa.com\/fr\/wp-json\/wp\/v2\/property_area?post=94607"}],"curies":[{"name":"wp","href":"https:\/\/api.w.org\/{rel}","templated":true}]}}